{"nbFiches":1,"dataPrest":{"infoPrest":{"pave1":{"libelle":"Descriptif","contenu":"Au \u003Cstrong\u003Ecoeur du vieux village \u003C\/strong\u003Eet au calme, &agrave; \u003Cstrong\u003Eproximit&eacute; imm&eacute;diate des commerces, des pistes\u003C\/strong\u003E et des animations. Appartement enti&egrave;rement r&eacute;nov&eacute; en 2015. Parking priv&eacute; au pied du chalet. Class&eacute; \u003Cstrong\u003E3 &eacute;toiles \u003C\/strong\u003Enouvelles normes en \u003Cstrong\u003Enovembre 2021. \u003C\/strong\u003EUne enceinte Bluetooth et 1 adaptateur &agrave; la demande.\u003Cu\u003E\u003Cem\u003E&nbsp;\u003Cbr \/\u003E\r\n\u003Cstrong\u003EId&eacute;al pour 3 adultes ou 2 adultes + 2 enfants de moins de 12 ans.\u003C\/strong\u003E\u003C\/em\u003E\u003C\/u\u003E","fichiers":[]},"pave2":{"libelle":"Bons Plans \/ Avantages","contenu":"","fichiers":[]},"pave3":{"libelle":"","contenu":""},"pave4":{"libelle":"","contenu":""},"pave5":{"libelle":"","contenu":""},"pave6":{"libelle":"","contenu":""},"pave7":{"libelle":"","contenu":""},"pave8":{"libelle":"","contenu":""},"pave9":{"libelle":"","contenu":""},"pave10":{"libelle":"","contenu":""},"pave11":{"libelle":"","contenu":""},"pave12":{"libelle":"","contenu":""},"pave13":{"libelle":"","contenu":""},"pave14":{"libelle":"","contenu":""},"pave15":{"libelle":"","contenu":""},"pave16":{"libelle":"","contenu":""},"pave17":{"libelle":"","contenu":""},"pave18":{"libelle":"","contenu":""},"pave19":{"libelle":"","contenu":""},"pave20":{"libelle":"","contenu":""},"pave21":{"libelle":"","contenu":""},"pave22":{"libelle":"","contenu":""},"pave23":{"libelle":"","contenu":""},"pave24":{"libelle":"","contenu":""},"pave25":{"libelle":"","contenu":""},"Libelle":"Aulnaie 1","Reference":"","Reftar":"","Type":"PRESTATION","TypePrestataire":"I","ContexteStat":"PRESTATION-I-ANTHRC-01","DateModificationIso":"2026-04-24T12:28:00+02:00","Adresse":{"LigneAdresse1":"64 Rue du Vieux Village","LigneAdresse2":"","LigneAdresse3":"","CodePostal":"74260","Ville":"LES GETS","Cedex":"","Etat":"","Pays":"FRA"},"Id":"i-anthrc-01","Code":"I|ANTHRC|01","Cle":"I|ANTHRC|01","Url":"aulnaie-1.html","Localisation":{"GoogleMap":{"Latitude":"46.15954","Longitude":"6.67116"}},"ZoneGeo":"","Criteres":{"GNOMBRE[1A3PERS":"","MULTIPASS[MULTPASS":"","MENAGEETENTRE[ASPIRATEUR":"","MENAGEETENTRE[SUPPLEMENT":"50 \u20ac","MENAGEETENTRE[AUTRES":"","MENAGEETENTRE[PARLELOC":"","HORARRIDEPART[DEPART":"10 h","HORARRIDEPART[ARRIVEE":"14 h","REMISECLEFS[PROPIO":"","ANOT2[LINGETOI":"","ANOT2[POSLL":"","ANOT1[XLOGMR":"","ANOT1[APSMOQ":"","ANOT1[NONPMR":"","CAUTION[CAUTIIONPRINCIPALE":"400 \u20ac","LESCHA[CHACOM120":"","IANIM[ANIMNON":"","BEBE[CHAISEBB":"","BEBE[LITBB":"","EQUILO[LOVELO":"","EQUILO[LOCAL":"","PARGAR[PARPRI":"","BALTER[ESPVER":"","GCHAUF[CHAUCE":"","EQUISA[PLANCHE":"","EQUISA[FER":"","EQIPMT[DVD":"","EQIPMT[TVECRAN":"","EQIPMT[WIFIG":"","SDB1[SECHECHEVEUX":"","SDB1[WCSDB":"","SDB1[LAVABO":"","SDB1[SDBD":"","CHAM1[LIT2140":"1","CUISIN[CUITVA":"","CUISIN[GRILPA":"","CUISIN[BOUEL":"","CUISIN[CAFELECFILTRES":"","CUISIN[LAVAIS":"","CUISIN[REFCON":"","CUISIN[HOTTEASPI":"","CUISIN[INDUCTION":"3","CUISIN[MICRO":"","CUISIN[FOUR":"","TYPCUI[COICUI":"","SALON[BZ160":"1","SEJOUR[SALON":"","PRESTATION[SEMAINE":"","ETAGE[REZCHA":"","VUE[VILLAGE":"","PLAN[POSITION":"D3","DISTANCECOM[ENMDESCOM":"50 \u00e0 100m","DISTANCENA[ENM":"200m","REMONTEES[MONTCHERY":"290m","REMONTEES[CHAVANNES":"400m","DISTANCE[ENMDESPISTES":"100m","EXPOSI[SUDOUE":"","SUPERF[SUPERF":"29","GLESPLUS[MULTIPASS":"","GLESPLUS[PARKING":"","GLESPLUS[EQUIPBEBE":"","GLESPLUS[WIFIINTERNET":"","CLASSEMENT[CLASS3E":"","GCHAMB[G1CHAM":"","GPIECES[G2PIECES":"","GCAPACITE[3PERS":"","GLOGEM[GAPPCH":"","GTYP[APPARTEMENT":"","GVISIB[GDISPO":""},"Prestataire":{"pave1":{"libelle":"Descriptif","contenu":""},"pave2":{"libelle":"","contenu":""},"pave3":{"libelle":"","contenu":""},"pave4":{"libelle":"","contenu":""},"pave5":{"libelle":"","contenu":""},"pave6":{"libelle":"","contenu":""},"pave7":{"libelle":"","contenu":""},"pave8":{"libelle":"","contenu":""},"pave9":{"libelle":"","contenu":""},"pave10":{"libelle":"","contenu":""},"pave11":{"libelle":"","contenu":""},"pave12":{"libelle":"","contenu":""},"pave13":{"libelle":"","contenu":""},"pave14":{"libelle":"","contenu":""},"pave15":{"libelle":"","contenu":""},"pave16":{"libelle":"","contenu":""},"pave17":{"libelle":"","contenu":""},"pave18":{"libelle":"","contenu":""},"pave19":{"libelle":"","contenu":""},"pave20":{"libelle":"","contenu":""},"pave21":{"libelle":"","contenu":""},"pave22":{"libelle":"","contenu":""},"pave23":{"libelle":"","contenu":""},"pave24":{"libelle":"","contenu":""},"pave25":{"libelle":"","contenu":""},"Libelle":"Mme Anthonioz Marcelle","Nom":"Anthonioz","Prenom":"Marcelle","NomPrenom":"Anthonioz Marcelle ","CiviliteNomPrenom":"Mme Anthonioz Marcelle ","Cle":"I|ANTHRC","PrestataireParent":"","ContexteStat":"PRESTATAIRE-I-ANTHRC","DateModificationIso":"2021-03-25T12:13:00+01:00","CiviliteLibelleNomPrenom":"Madame Anthonioz Marcelle ","Type":"PRESTATAIRE","TypePrestataire":"I","Adresse":{"LigneAdresse1":"64 Rue du Vieux Village","LigneAdresse2":"","LigneAdresse3":"","CodePostal":"74260","Ville":"LES GETS","Cedex":"","Etat":"","Pays":"FRA"},"Email":"marcelle.anthonioz@orange.fr","Telephone":"","TelephoneBureau":"","Portable":"06 87 52 55 43","SiteWeb":"","Fax":"","Id":"i-anthrc","Code":"I|ANTHRC","Fichier":[],"Url":"anthonioz-marcelle.html","Localisation":{"GoogleMap":{"Latitude":"","Longitude":""}},"ZoneGeo":"","Criteres":{"GLANGU[H1FRAN":"","GLANGU[H2ANGL":"","GPAIEMENT[H1ESPE":"","GPAIEMENT[H2CHEQ":""},"DateFinPublication":""},"Fichier":{"Image":[{"url":"https:\/\/www.lesgets-hebergements.com\/medias\/images\/prestations\/sejour-cuisine-4433.jpg","chemin":"..\/medias\/images\/prestations\/sejour-cuisine-4433.jpg","libelle":"sejour-cuisine-4433","extension":"jpg","categorie":"","largeur":1100,"theme":"","hauteur":734,"type":"Image","origine":"","liaisonPave":"","langue":"","id":"4433","urlVignette":"https:\/\/www.lesgets-hebergements.com\/medias\/images\/prestations\/v-sejour-cuisine-4433.jpg","alt":"sejour-cuisine-4433","title":"sejour-cuisine-4433","MultiTaille":{"1920x1440":{"url":"https:\/\/www.lesgets-hebergements.com\/medias\/images\/prestations\/multitailles\/1920x1440_sejour-cuisine-4433.jpg"},"1200x900":{"url":"https:\/\/www.lesgets-hebergements.com\/medias\/images\/prestations\/multitailles\/1200x900_sejour-cuisine-4433.jpg"},"800x600":{"url":"https:\/\/www.lesgets-hebergements.com\/medias\/images\/prestations\/multitailles\/800x600_sejour-cuisine-4433.jpg"},"640x480":{"url":"https:\/\/www.lesgets-hebergements.com\/medias\/images\/prestations\/multitailles\/640x480_sejour-cuisine-4433.jpg"},"320x240":{"url":"https:\/\/www.lesgets-hebergements.com\/medias\/images\/prestations\/multitailles\/320x240_sejour-cuisine-4433.jpg"},"160x120":{"url":"https:\/\/www.lesgets-hebergements.com\/medias\/images\/prestations\/multitailles\/160x120_sejour-cuisine-4433.jpg"},"origine":{"url":"https:\/\/www.lesgets-hebergements.com\/medias\/images\/prestations\/sejour-cuisine-4433.jpg"}},"urlLien":"","typeLien":"","nofollow":"N","copyright":""},{"url":"https:\/\/www.lesgets-hebergements.com\/medias\/images\/prestations\/sejour-cuisine-4431.jpg","chemin":"..\/medias\/images\/prestations\/sejour-cuisine-4431.jpg","libelle":"sejour-cuisine-4431","extension":"jpg","categorie":"","largeur":1100,"theme":"","hauteur":734,"type":"Image","origine":"","liaisonPave":"","langue":"","id":"4431","urlVignette":"https:\/\/www.lesgets-hebergements.com\/medias\/images\/prestations\/v-sejour-cuisine-4431.jpg","alt":"sejour-cuisine-4431","title":"sejour-cuisine-4431","MultiTaille":{"1920x1440":{"url":"https:\/\/www.lesgets-hebergements.com\/medias\/images\/prestations\/multitailles\/1920x1440_sejour-cuisine-4431.jpg"},"1200x900":{"url":"https:\/\/www.lesgets-hebergements.com\/medias\/images\/prestations\/multitailles\/1200x900_sejour-cuisine-4431.jpg"},"800x600":{"url":"https:\/\/www.lesgets-hebergements.com\/medias\/images\/prestations\/multitailles\/800x600_sejour-cuisine-4431.jpg"},"640x480":{"url":"https:\/\/www.lesgets-hebergements.com\/medias\/images\/prestations\/multitailles\/640x480_sejour-cuisine-4431.jpg"},"320x240":{"url":"https:\/\/www.lesgets-hebergements.com\/medias\/images\/prestations\/multitailles\/320x240_sejour-cuisine-4431.jpg"},"160x120":{"url":"https:\/\/www.lesgets-hebergements.com\/medias\/images\/prestations\/multitailles\/160x120_sejour-cuisine-4431.jpg"},"origine":{"url":"https:\/\/www.lesgets-hebergements.com\/medias\/images\/prestations\/sejour-cuisine-4431.jpg"}},"urlLien":"","typeLien":"","nofollow":"N","copyright":""},{"url":"https:\/\/www.lesgets-hebergements.com\/medias\/images\/prestations\/sejour-cuisine-2-4430.jpg","chemin":"..\/medias\/images\/prestations\/sejour-cuisine-2-4430.jpg","libelle":"sejour-cuisine-2-4430","extension":"jpg","categorie":"","largeur":1100,"theme":"","hauteur":734,"type":"Image","origine":"","liaisonPave":"","langue":"","id":"4430","urlVignette":"https:\/\/www.lesgets-hebergements.com\/medias\/images\/prestations\/v-sejour-cuisine-2-4430.jpg","alt":"sejour-cuisine-2-4430","title":"sejour-cuisine-2-4430","MultiTaille":{"1920x1440":{"url":"https:\/\/www.lesgets-hebergements.com\/medias\/images\/prestations\/multitailles\/1920x1440_sejour-cuisine-2-4430.jpg"},"1200x900":{"url":"https:\/\/www.lesgets-hebergements.com\/medias\/images\/prestations\/multitailles\/1200x900_sejour-cuisine-2-4430.jpg"},"800x600":{"url":"https:\/\/www.lesgets-hebergements.com\/medias\/images\/prestations\/multitailles\/800x600_sejour-cuisine-2-4430.jpg"},"640x480":{"url":"https:\/\/www.lesgets-hebergements.com\/medias\/images\/prestations\/multitailles\/640x480_sejour-cuisine-2-4430.jpg"},"320x240":{"url":"https:\/\/www.lesgets-hebergements.com\/medias\/images\/prestations\/multitailles\/320x240_sejour-cuisine-2-4430.jpg"},"160x120":{"url":"https:\/\/www.lesgets-hebergements.com\/medias\/images\/prestations\/multitailles\/160x120_sejour-cuisine-2-4430.jpg"},"origine":{"url":"https:\/\/www.lesgets-hebergements.com\/medias\/images\/prestations\/sejour-cuisine-2-4430.jpg"}},"urlLien":"","typeLien":"","nofollow":"N","copyright":""},{"url":"https:\/\/www.lesgets-hebergements.com\/medias\/images\/prestations\/sejour-cuisine-3-4434.jpg","chemin":"..\/medias\/images\/prestations\/sejour-cuisine-3-4434.jpg","libelle":"sejour-cuisine-3-4434","extension":"jpg","categorie":"","largeur":1100,"theme":"","hauteur":734,"type":"Image","origine":"","liaisonPave":"","langue":"","id":"4434","urlVignette":"https:\/\/www.lesgets-hebergements.com\/medias\/images\/prestations\/v-sejour-cuisine-3-4434.jpg","alt":"sejour-cuisine-3-4434","title":"sejour-cuisine-3-4434","MultiTaille":{"1920x1440":{"url":"https:\/\/www.lesgets-hebergements.com\/medias\/images\/prestations\/multitailles\/1920x1440_sejour-cuisine-3-4434.jpg"},"1200x900":{"url":"https:\/\/www.lesgets-hebergements.com\/medias\/images\/prestations\/multitailles\/1200x900_sejour-cuisine-3-4434.jpg"},"800x600":{"url":"https:\/\/www.lesgets-hebergements.com\/medias\/images\/prestations\/multitailles\/800x600_sejour-cuisine-3-4434.jpg"},"640x480":{"url":"https:\/\/www.lesgets-hebergements.com\/medias\/images\/prestations\/multitailles\/640x480_sejour-cuisine-3-4434.jpg"},"320x240":{"url":"https:\/\/www.lesgets-hebergements.com\/medias\/images\/prestations\/multitailles\/320x240_sejour-cuisine-3-4434.jpg"},"160x120":{"url":"https:\/\/www.lesgets-hebergements.com\/medias\/images\/prestations\/multitailles\/160x120_sejour-cuisine-3-4434.jpg"},"origine":{"url":"https:\/\/www.lesgets-hebergements.com\/medias\/images\/prestations\/sejour-cuisine-3-4434.jpg"}},"urlLien":"","typeLien":"","nofollow":"N","copyright":""},{"url":"https:\/\/www.lesgets-hebergements.com\/medias\/images\/prestations\/chambre-4429.jpg","chemin":"..\/medias\/images\/prestations\/chambre-4429.jpg","libelle":"chambre-4429","extension":"jpg","categorie":"","largeur":1100,"theme":"","hauteur":734,"type":"Image","origine":"","liaisonPave":"","langue":"","id":"4429","urlVignette":"https:\/\/www.lesgets-hebergements.com\/medias\/images\/prestations\/v-chambre-4429.jpg","alt":"chambre-4429","title":"chambre-4429","MultiTaille":{"1920x1440":{"url":"https:\/\/www.lesgets-hebergements.com\/medias\/images\/prestations\/multitailles\/1920x1440_chambre-4429.jpg"},"1200x900":{"url":"https:\/\/www.lesgets-hebergements.com\/medias\/images\/prestations\/multitailles\/1200x900_chambre-4429.jpg"},"800x600":{"url":"https:\/\/www.lesgets-hebergements.com\/medias\/images\/prestations\/multitailles\/800x600_chambre-4429.jpg"},"640x480":{"url":"https:\/\/www.lesgets-hebergements.com\/medias\/images\/prestations\/multitailles\/640x480_chambre-4429.jpg"},"320x240":{"url":"https:\/\/www.lesgets-hebergements.com\/medias\/images\/prestations\/multitailles\/320x240_chambre-4429.jpg"},"160x120":{"url":"https:\/\/www.lesgets-hebergements.com\/medias\/images\/prestations\/multitailles\/160x120_chambre-4429.jpg"},"origine":{"url":"https:\/\/www.lesgets-hebergements.com\/medias\/images\/prestations\/chambre-4429.jpg"}},"urlLien":"","typeLien":"","nofollow":"N","copyright":""},{"url":"https:\/\/www.lesgets-hebergements.com\/medias\/images\/prestations\/chambre-2-4432.jpg","chemin":"..\/medias\/images\/prestations\/chambre-2-4432.jpg","libelle":"chambre-2-4432","extension":"jpg","categorie":"","largeur":1100,"theme":"","hauteur":734,"type":"Image","origine":"","liaisonPave":"","langue":"","id":"4432","urlVignette":"https:\/\/www.lesgets-hebergements.com\/medias\/images\/prestations\/v-chambre-2-4432.jpg","alt":"chambre-2-4432","title":"chambre-2-4432","MultiTaille":{"1920x1440":{"url":"https:\/\/www.lesgets-hebergements.com\/medias\/images\/prestations\/multitailles\/1920x1440_chambre-2-4432.jpg"},"1200x900":{"url":"https:\/\/www.lesgets-hebergements.com\/medias\/images\/prestations\/multitailles\/1200x900_chambre-2-4432.jpg"},"800x600":{"url":"https:\/\/www.lesgets-hebergements.com\/medias\/images\/prestations\/multitailles\/800x600_chambre-2-4432.jpg"},"640x480":{"url":"https:\/\/www.lesgets-hebergements.com\/medias\/images\/prestations\/multitailles\/640x480_chambre-2-4432.jpg"},"320x240":{"url":"https:\/\/www.lesgets-hebergements.com\/medias\/images\/prestations\/multitailles\/320x240_chambre-2-4432.jpg"},"160x120":{"url":"https:\/\/www.lesgets-hebergements.com\/medias\/images\/prestations\/multitailles\/160x120_chambre-2-4432.jpg"},"origine":{"url":"https:\/\/www.lesgets-hebergements.com\/medias\/images\/prestations\/chambre-2-4432.jpg"}},"urlLien":"","typeLien":"","nofollow":"N","copyright":""},{"url":"https:\/\/www.lesgets-hebergements.com\/medias\/images\/prestations\/aulnaie-1-4426.jpg","chemin":"..\/medias\/images\/prestations\/aulnaie-1-4426.jpg","libelle":"aulnaie-1-4426","extension":"jpg","categorie":"","largeur":1100,"theme":"","hauteur":734,"type":"Image","origine":"","liaisonPave":"","langue":"","id":"4426","urlVignette":"https:\/\/www.lesgets-hebergements.com\/medias\/images\/prestations\/v-aulnaie-1-4426.jpg","alt":"aulnaie-1-4426","title":"aulnaie-1-4426","MultiTaille":{"1920x1440":{"url":"https:\/\/www.lesgets-hebergements.com\/medias\/images\/prestations\/multitailles\/1920x1440_aulnaie-1-4426.jpg"},"1200x900":{"url":"https:\/\/www.lesgets-hebergements.com\/medias\/images\/prestations\/multitailles\/1200x900_aulnaie-1-4426.jpg"},"800x600":{"url":"https:\/\/www.lesgets-hebergements.com\/medias\/images\/prestations\/multitailles\/800x600_aulnaie-1-4426.jpg"},"640x480":{"url":"https:\/\/www.lesgets-hebergements.com\/medias\/images\/prestations\/multitailles\/640x480_aulnaie-1-4426.jpg"},"320x240":{"url":"https:\/\/www.lesgets-hebergements.com\/medias\/images\/prestations\/multitailles\/320x240_aulnaie-1-4426.jpg"},"160x120":{"url":"https:\/\/www.lesgets-hebergements.com\/medias\/images\/prestations\/multitailles\/160x120_aulnaie-1-4426.jpg"},"origine":{"url":"https:\/\/www.lesgets-hebergements.com\/medias\/images\/prestations\/aulnaie-1-4426.jpg"}},"urlLien":"","typeLien":"","nofollow":"N","copyright":""},{"url":"https:\/\/www.lesgets-hebergements.com\/medias\/images\/prestations\/salle-de-bain-toilettes-4427.jpg","chemin":"..\/medias\/images\/prestations\/salle-de-bain-toilettes-4427.jpg","libelle":"salle-de-bain-toilettes-4427","extension":"jpg","categorie":"","largeur":1100,"theme":"","hauteur":734,"type":"Image","origine":"","liaisonPave":"","langue":"","id":"4427","urlVignette":"https:\/\/www.lesgets-hebergements.com\/medias\/images\/prestations\/v-salle-de-bain-toilettes-4427.jpg","alt":"salle-de-bain-toilettes-4427","title":"salle-de-bain-toilettes-4427","MultiTaille":{"1920x1440":{"url":"https:\/\/www.lesgets-hebergements.com\/medias\/images\/prestations\/multitailles\/1920x1440_salle-de-bain-toilettes-4427.jpg"},"1200x900":{"url":"https:\/\/www.lesgets-hebergements.com\/medias\/images\/prestations\/multitailles\/1200x900_salle-de-bain-toilettes-4427.jpg"},"800x600":{"url":"https:\/\/www.lesgets-hebergements.com\/medias\/images\/prestations\/multitailles\/800x600_salle-de-bain-toilettes-4427.jpg"},"640x480":{"url":"https:\/\/www.lesgets-hebergements.com\/medias\/images\/prestations\/multitailles\/640x480_salle-de-bain-toilettes-4427.jpg"},"320x240":{"url":"https:\/\/www.lesgets-hebergements.com\/medias\/images\/prestations\/multitailles\/320x240_salle-de-bain-toilettes-4427.jpg"},"160x120":{"url":"https:\/\/www.lesgets-hebergements.com\/medias\/images\/prestations\/multitailles\/160x120_salle-de-bain-toilettes-4427.jpg"},"origine":{"url":"https:\/\/www.lesgets-hebergements.com\/medias\/images\/prestations\/salle-de-bain-toilettes-4427.jpg"}},"urlLien":"","typeLien":"","nofollow":"N","copyright":""},{"url":"https:\/\/www.lesgets-hebergements.com\/medias\/images\/prestations\/salle-de-bain-toillettes-4428.jpg","chemin":"..\/medias\/images\/prestations\/salle-de-bain-toillettes-4428.jpg","libelle":"salle-de-bain-toillettes-4428","extension":"jpg","categorie":"","largeur":734,"theme":"","hauteur":1100,"type":"Image","origine":"","liaisonPave":"","langue":"","id":"4428","urlVignette":"https:\/\/www.lesgets-hebergements.com\/medias\/images\/prestations\/v-salle-de-bain-toillettes-4428.jpg","alt":"salle-de-bain-toillettes-4428","title":"salle-de-bain-toillettes-4428","MultiTaille":{"1920x1440":{"url":"https:\/\/www.lesgets-hebergements.com\/medias\/images\/prestations\/multitailles\/1920x1440_salle-de-bain-toillettes-4428.jpg"},"1200x900":{"url":"https:\/\/www.lesgets-hebergements.com\/medias\/images\/prestations\/multitailles\/1200x900_salle-de-bain-toillettes-4428.jpg"},"800x600":{"url":"https:\/\/www.lesgets-hebergements.com\/medias\/images\/prestations\/multitailles\/800x600_salle-de-bain-toillettes-4428.jpg"},"640x480":{"url":"https:\/\/www.lesgets-hebergements.com\/medias\/images\/prestations\/multitailles\/640x480_salle-de-bain-toillettes-4428.jpg"},"320x240":{"url":"https:\/\/www.lesgets-hebergements.com\/medias\/images\/prestations\/multitailles\/320x240_salle-de-bain-toillettes-4428.jpg"},"160x120":{"url":"https:\/\/www.lesgets-hebergements.com\/medias\/images\/prestations\/multitailles\/160x120_salle-de-bain-toillettes-4428.jpg"},"origine":{"url":"https:\/\/www.lesgets-hebergements.com\/medias\/images\/prestations\/salle-de-bain-toillettes-4428.jpg"}},"urlLien":"","typeLien":"","nofollow":"N","copyright":""},{"url":"https:\/\/www.lesgets-hebergements.com\/medias\/images\/prestations\/5-1-ext-e-te-chalet-aulnaie-3168.jpg","chemin":"..\/medias\/images\/prestations\/5-1-ext-e-te-chalet-aulnaie-3168.jpg","libelle":"5-1-ext-e-te-chalet-aulnaie-3168","extension":"jpg","categorie":"","largeur":2000,"theme":"","hauteur":1200,"type":"Image","origine":"","liaisonPave":"","langue":"","id":"3168","urlVignette":"https:\/\/www.lesgets-hebergements.com\/medias\/images\/prestations\/v-5-1-ext-e-te-chalet-aulnaie-3168.jpg","alt":"5-1-ext-e-te-chalet-aulnaie-3168","title":"5-1-ext-e-te-chalet-aulnaie-3168","MultiTaille":{"1920x1440":{"url":"https:\/\/www.lesgets-hebergements.com\/medias\/images\/prestations\/multitailles\/1920x1440_5-1-ext-e-te-chalet-aulnaie-3168.jpg"},"1200x900":{"url":"https:\/\/www.lesgets-hebergements.com\/medias\/images\/prestations\/multitailles\/1200x900_5-1-ext-e-te-chalet-aulnaie-3168.jpg"},"800x600":{"url":"https:\/\/www.lesgets-hebergements.com\/medias\/images\/prestations\/multitailles\/800x600_5-1-ext-e-te-chalet-aulnaie-3168.jpg"},"640x480":{"url":"https:\/\/www.lesgets-hebergements.com\/medias\/images\/prestations\/multitailles\/640x480_5-1-ext-e-te-chalet-aulnaie-3168.jpg"},"320x240":{"url":"https:\/\/www.lesgets-hebergements.com\/medias\/images\/prestations\/multitailles\/320x240_5-1-ext-e-te-chalet-aulnaie-3168.jpg"},"160x120":{"url":"https:\/\/www.lesgets-hebergements.com\/medias\/images\/prestations\/multitailles\/160x120_5-1-ext-e-te-chalet-aulnaie-3168.jpg"},"origine":{"url":"https:\/\/www.lesgets-hebergements.com\/medias\/images\/prestations\/5-1-ext-e-te-chalet-aulnaie-3168.jpg"}},"urlLien":"","typeLien":"","nofollow":"N","copyright":""}],"ByCategorie":{"":[{"url":"https:\/\/www.lesgets-hebergements.com\/medias\/images\/prestations\/sejour-cuisine-4433.jpg","chemin":"..\/medias\/images\/prestations\/sejour-cuisine-4433.jpg","libelle":"sejour-cuisine-4433","extension":"jpg","categorie":"","largeur":1100,"theme":"","hauteur":734,"type":"Image","origine":"","liaisonPave":"","langue":"","id":"4433","urlVignette":"https:\/\/www.lesgets-hebergements.com\/medias\/images\/prestations\/v-sejour-cuisine-4433.jpg","alt":"sejour-cuisine-4433","title":"sejour-cuisine-4433","MultiTaille":{"1920x1440":{"url":"https:\/\/www.lesgets-hebergements.com\/medias\/images\/prestations\/multitailles\/1920x1440_sejour-cuisine-4433.jpg"},"1200x900":{"url":"https:\/\/www.lesgets-hebergements.com\/medias\/images\/prestations\/multitailles\/1200x900_sejour-cuisine-4433.jpg"},"800x600":{"url":"https:\/\/www.lesgets-hebergements.com\/medias\/images\/prestations\/multitailles\/800x600_sejour-cuisine-4433.jpg"},"640x480":{"url":"https:\/\/www.lesgets-hebergements.com\/medias\/images\/prestations\/multitailles\/640x480_sejour-cuisine-4433.jpg"},"320x240":{"url":"https:\/\/www.lesgets-hebergements.com\/medias\/images\/prestations\/multitailles\/320x240_sejour-cuisine-4433.jpg"},"160x120":{"url":"https:\/\/www.lesgets-hebergements.com\/medias\/images\/prestations\/multitailles\/160x120_sejour-cuisine-4433.jpg"},"origine":{"url":"https:\/\/www.lesgets-hebergements.com\/medias\/images\/prestations\/sejour-cuisine-4433.jpg"}},"urlLien":"","typeLien":"","nofollow":"N","copyright":""},{"url":"https:\/\/www.lesgets-hebergements.com\/medias\/images\/prestations\/sejour-cuisine-4431.jpg","chemin":"..\/medias\/images\/prestations\/sejour-cuisine-4431.jpg","libelle":"sejour-cuisine-4431","extension":"jpg","categorie":"","largeur":1100,"theme":"","hauteur":734,"type":"Image","origine":"","liaisonPave":"","langue":"","id":"4431","urlVignette":"https:\/\/www.lesgets-hebergements.com\/medias\/images\/prestations\/v-sejour-cuisine-4431.jpg","alt":"sejour-cuisine-4431","title":"sejour-cuisine-4431","MultiTaille":{"1920x1440":{"url":"https:\/\/www.lesgets-hebergements.com\/medias\/images\/prestations\/multitailles\/1920x1440_sejour-cuisine-4431.jpg"},"1200x900":{"url":"https:\/\/www.lesgets-hebergements.com\/medias\/images\/prestations\/multitailles\/1200x900_sejour-cuisine-4431.jpg"},"800x600":{"url":"https:\/\/www.lesgets-hebergements.com\/medias\/images\/prestations\/multitailles\/800x600_sejour-cuisine-4431.jpg"},"640x480":{"url":"https:\/\/www.lesgets-hebergements.com\/medias\/images\/prestations\/multitailles\/640x480_sejour-cuisine-4431.jpg"},"320x240":{"url":"https:\/\/www.lesgets-hebergements.com\/medias\/images\/prestations\/multitailles\/320x240_sejour-cuisine-4431.jpg"},"160x120":{"url":"https:\/\/www.lesgets-hebergements.com\/medias\/images\/prestations\/multitailles\/160x120_sejour-cuisine-4431.jpg"},"origine":{"url":"https:\/\/www.lesgets-hebergements.com\/medias\/images\/prestations\/sejour-cuisine-4431.jpg"}},"urlLien":"","typeLien":"","nofollow":"N","copyright":""},{"url":"https:\/\/www.lesgets-hebergements.com\/medias\/images\/prestations\/sejour-cuisine-2-4430.jpg","chemin":"..\/medias\/images\/prestations\/sejour-cuisine-2-4430.jpg","libelle":"sejour-cuisine-2-4430","extension":"jpg","categorie":"","largeur":1100,"theme":"","hauteur":734,"type":"Image","origine":"","liaisonPave":"","langue":"","id":"4430","urlVignette":"https:\/\/www.lesgets-hebergements.com\/medias\/images\/prestations\/v-sejour-cuisine-2-4430.jpg","alt":"sejour-cuisine-2-4430","title":"sejour-cuisine-2-4430","MultiTaille":{"1920x1440":{"url":"https:\/\/www.lesgets-hebergements.com\/medias\/images\/prestations\/multitailles\/1920x1440_sejour-cuisine-2-4430.jpg"},"1200x900":{"url":"https:\/\/www.lesgets-hebergements.com\/medias\/images\/prestations\/multitailles\/1200x900_sejour-cuisine-2-4430.jpg"},"800x600":{"url":"https:\/\/www.lesgets-hebergements.com\/medias\/images\/prestations\/multitailles\/800x600_sejour-cuisine-2-4430.jpg"},"640x480":{"url":"https:\/\/www.lesgets-hebergements.com\/medias\/images\/prestations\/multitailles\/640x480_sejour-cuisine-2-4430.jpg"},"320x240":{"url":"https:\/\/www.lesgets-hebergements.com\/medias\/images\/prestations\/multitailles\/320x240_sejour-cuisine-2-4430.jpg"},"160x120":{"url":"https:\/\/www.lesgets-hebergements.com\/medias\/images\/prestations\/multitailles\/160x120_sejour-cuisine-2-4430.jpg"},"origine":{"url":"https:\/\/www.lesgets-hebergements.com\/medias\/images\/prestations\/sejour-cuisine-2-4430.jpg"}},"urlLien":"","typeLien":"","nofollow":"N","copyright":""},{"url":"https:\/\/www.lesgets-hebergements.com\/medias\/images\/prestations\/sejour-cuisine-3-4434.jpg","chemin":"..\/medias\/images\/prestations\/sejour-cuisine-3-4434.jpg","libelle":"sejour-cuisine-3-4434","extension":"jpg","categorie":"","largeur":1100,"theme":"","hauteur":734,"type":"Image","origine":"","liaisonPave":"","langue":"","id":"4434","urlVignette":"https:\/\/www.lesgets-hebergements.com\/medias\/images\/prestations\/v-sejour-cuisine-3-4434.jpg","alt":"sejour-cuisine-3-4434","title":"sejour-cuisine-3-4434","MultiTaille":{"1920x1440":{"url":"https:\/\/www.lesgets-hebergements.com\/medias\/images\/prestations\/multitailles\/1920x1440_sejour-cuisine-3-4434.jpg"},"1200x900":{"url":"https:\/\/www.lesgets-hebergements.com\/medias\/images\/prestations\/multitailles\/1200x900_sejour-cuisine-3-4434.jpg"},"800x600":{"url":"https:\/\/www.lesgets-hebergements.com\/medias\/images\/prestations\/multitailles\/800x600_sejour-cuisine-3-4434.jpg"},"640x480":{"url":"https:\/\/www.lesgets-hebergements.com\/medias\/images\/prestations\/multitailles\/640x480_sejour-cuisine-3-4434.jpg"},"320x240":{"url":"https:\/\/www.lesgets-hebergements.com\/medias\/images\/prestations\/multitailles\/320x240_sejour-cuisine-3-4434.jpg"},"160x120":{"url":"https:\/\/www.lesgets-hebergements.com\/medias\/images\/prestations\/multitailles\/160x120_sejour-cuisine-3-4434.jpg"},"origine":{"url":"https:\/\/www.lesgets-hebergements.com\/medias\/images\/prestations\/sejour-cuisine-3-4434.jpg"}},"urlLien":"","typeLien":"","nofollow":"N","copyright":""},{"url":"https:\/\/www.lesgets-hebergements.com\/medias\/images\/prestations\/chambre-4429.jpg","chemin":"..\/medias\/images\/prestations\/chambre-4429.jpg","libelle":"chambre-4429","extension":"jpg","categorie":"","largeur":1100,"theme":"","hauteur":734,"type":"Image","origine":"","liaisonPave":"","langue":"","id":"4429","urlVignette":"https:\/\/www.lesgets-hebergements.com\/medias\/images\/prestations\/v-chambre-4429.jpg","alt":"chambre-4429","title":"chambre-4429","MultiTaille":{"1920x1440":{"url":"https:\/\/www.lesgets-hebergements.com\/medias\/images\/prestations\/multitailles\/1920x1440_chambre-4429.jpg"},"1200x900":{"url":"https:\/\/www.lesgets-hebergements.com\/medias\/images\/prestations\/multitailles\/1200x900_chambre-4429.jpg"},"800x600":{"url":"https:\/\/www.lesgets-hebergements.com\/medias\/images\/prestations\/multitailles\/800x600_chambre-4429.jpg"},"640x480":{"url":"https:\/\/www.lesgets-hebergements.com\/medias\/images\/prestations\/multitailles\/640x480_chambre-4429.jpg"},"320x240":{"url":"https:\/\/www.lesgets-hebergements.com\/medias\/images\/prestations\/multitailles\/320x240_chambre-4429.jpg"},"160x120":{"url":"https:\/\/www.lesgets-hebergements.com\/medias\/images\/prestations\/multitailles\/160x120_chambre-4429.jpg"},"origine":{"url":"https:\/\/www.lesgets-hebergements.com\/medias\/images\/prestations\/chambre-4429.jpg"}},"urlLien":"","typeLien":"","nofollow":"N","copyright":""},{"url":"https:\/\/www.lesgets-hebergements.com\/medias\/images\/prestations\/chambre-2-4432.jpg","chemin":"..\/medias\/images\/prestations\/chambre-2-4432.jpg","libelle":"chambre-2-4432","extension":"jpg","categorie":"","largeur":1100,"theme":"","hauteur":734,"type":"Image","origine":"","liaisonPave":"","langue":"","id":"4432","urlVignette":"https:\/\/www.lesgets-hebergements.com\/medias\/images\/prestations\/v-chambre-2-4432.jpg","alt":"chambre-2-4432","title":"chambre-2-4432","MultiTaille":{"1920x1440":{"url":"https:\/\/www.lesgets-hebergements.com\/medias\/images\/prestations\/multitailles\/1920x1440_chambre-2-4432.jpg"},"1200x900":{"url":"https:\/\/www.lesgets-hebergements.com\/medias\/images\/prestations\/multitailles\/1200x900_chambre-2-4432.jpg"},"800x600":{"url":"https:\/\/www.lesgets-hebergements.com\/medias\/images\/prestations\/multitailles\/800x600_chambre-2-4432.jpg"},"640x480":{"url":"https:\/\/www.lesgets-hebergements.com\/medias\/images\/prestations\/multitailles\/640x480_chambre-2-4432.jpg"},"320x240":{"url":"https:\/\/www.lesgets-hebergements.com\/medias\/images\/prestations\/multitailles\/320x240_chambre-2-4432.jpg"},"160x120":{"url":"https:\/\/www.lesgets-hebergements.com\/medias\/images\/prestations\/multitailles\/160x120_chambre-2-4432.jpg"},"origine":{"url":"https:\/\/www.lesgets-hebergements.com\/medias\/images\/prestations\/chambre-2-4432.jpg"}},"urlLien":"","typeLien":"","nofollow":"N","copyright":""},{"url":"https:\/\/www.lesgets-hebergements.com\/medias\/images\/prestations\/aulnaie-1-4426.jpg","chemin":"..\/medias\/images\/prestations\/aulnaie-1-4426.jpg","libelle":"aulnaie-1-4426","extension":"jpg","categorie":"","largeur":1100,"theme":"","hauteur":734,"type":"Image","origine":"","liaisonPave":"","langue":"","id":"4426","urlVignette":"https:\/\/www.lesgets-hebergements.com\/medias\/images\/prestations\/v-aulnaie-1-4426.jpg","alt":"aulnaie-1-4426","title":"aulnaie-1-4426","MultiTaille":{"1920x1440":{"url":"https:\/\/www.lesgets-hebergements.com\/medias\/images\/prestations\/multitailles\/1920x1440_aulnaie-1-4426.jpg"},"1200x900":{"url":"https:\/\/www.lesgets-hebergements.com\/medias\/images\/prestations\/multitailles\/1200x900_aulnaie-1-4426.jpg"},"800x600":{"url":"https:\/\/www.lesgets-hebergements.com\/medias\/images\/prestations\/multitailles\/800x600_aulnaie-1-4426.jpg"},"640x480":{"url":"https:\/\/www.lesgets-hebergements.com\/medias\/images\/prestations\/multitailles\/640x480_aulnaie-1-4426.jpg"},"320x240":{"url":"https:\/\/www.lesgets-hebergements.com\/medias\/images\/prestations\/multitailles\/320x240_aulnaie-1-4426.jpg"},"160x120":{"url":"https:\/\/www.lesgets-hebergements.com\/medias\/images\/prestations\/multitailles\/160x120_aulnaie-1-4426.jpg"},"origine":{"url":"https:\/\/www.lesgets-hebergements.com\/medias\/images\/prestations\/aulnaie-1-4426.jpg"}},"urlLien":"","typeLien":"","nofollow":"N","copyright":""},{"url":"https:\/\/www.lesgets-hebergements.com\/medias\/images\/prestations\/salle-de-bain-toilettes-4427.jpg","chemin":"..\/medias\/images\/prestations\/salle-de-bain-toilettes-4427.jpg","libelle":"salle-de-bain-toilettes-4427","extension":"jpg","categorie":"","largeur":1100,"theme":"","hauteur":734,"type":"Image","origine":"","liaisonPave":"","langue":"","id":"4427","urlVignette":"https:\/\/www.lesgets-hebergements.com\/medias\/images\/prestations\/v-salle-de-bain-toilettes-4427.jpg","alt":"salle-de-bain-toilettes-4427","title":"salle-de-bain-toilettes-4427","MultiTaille":{"1920x1440":{"url":"https:\/\/www.lesgets-hebergements.com\/medias\/images\/prestations\/multitailles\/1920x1440_salle-de-bain-toilettes-4427.jpg"},"1200x900":{"url":"https:\/\/www.lesgets-hebergements.com\/medias\/images\/prestations\/multitailles\/1200x900_salle-de-bain-toilettes-4427.jpg"},"800x600":{"url":"https:\/\/www.lesgets-hebergements.com\/medias\/images\/prestations\/multitailles\/800x600_salle-de-bain-toilettes-4427.jpg"},"640x480":{"url":"https:\/\/www.lesgets-hebergements.com\/medias\/images\/prestations\/multitailles\/640x480_salle-de-bain-toilettes-4427.jpg"},"320x240":{"url":"https:\/\/www.lesgets-hebergements.com\/medias\/images\/prestations\/multitailles\/320x240_salle-de-bain-toilettes-4427.jpg"},"160x120":{"url":"https:\/\/www.lesgets-hebergements.com\/medias\/images\/prestations\/multitailles\/160x120_salle-de-bain-toilettes-4427.jpg"},"origine":{"url":"https:\/\/www.lesgets-hebergements.com\/medias\/images\/prestations\/salle-de-bain-toilettes-4427.jpg"}},"urlLien":"","typeLien":"","nofollow":"N","copyright":""},{"url":"https:\/\/www.lesgets-hebergements.com\/medias\/images\/prestations\/salle-de-bain-toillettes-4428.jpg","chemin":"..\/medias\/images\/prestations\/salle-de-bain-toillettes-4428.jpg","libelle":"salle-de-bain-toillettes-4428","extension":"jpg","categorie":"","largeur":734,"theme":"","hauteur":1100,"type":"Image","origine":"","liaisonPave":"","langue":"","id":"4428","urlVignette":"https:\/\/www.lesgets-hebergements.com\/medias\/images\/prestations\/v-salle-de-bain-toillettes-4428.jpg","alt":"salle-de-bain-toillettes-4428","title":"salle-de-bain-toillettes-4428","MultiTaille":{"1920x1440":{"url":"https:\/\/www.lesgets-hebergements.com\/medias\/images\/prestations\/multitailles\/1920x1440_salle-de-bain-toillettes-4428.jpg"},"1200x900":{"url":"https:\/\/www.lesgets-hebergements.com\/medias\/images\/prestations\/multitailles\/1200x900_salle-de-bain-toillettes-4428.jpg"},"800x600":{"url":"https:\/\/www.lesgets-hebergements.com\/medias\/images\/prestations\/multitailles\/800x600_salle-de-bain-toillettes-4428.jpg"},"640x480":{"url":"https:\/\/www.lesgets-hebergements.com\/medias\/images\/prestations\/multitailles\/640x480_salle-de-bain-toillettes-4428.jpg"},"320x240":{"url":"https:\/\/www.lesgets-hebergements.com\/medias\/images\/prestations\/multitailles\/320x240_salle-de-bain-toillettes-4428.jpg"},"160x120":{"url":"https:\/\/www.lesgets-hebergements.com\/medias\/images\/prestations\/multitailles\/160x120_salle-de-bain-toillettes-4428.jpg"},"origine":{"url":"https:\/\/www.lesgets-hebergements.com\/medias\/images\/prestations\/salle-de-bain-toillettes-4428.jpg"}},"urlLien":"","typeLien":"","nofollow":"N","copyright":""},{"url":"https:\/\/www.lesgets-hebergements.com\/medias\/images\/prestations\/5-1-ext-e-te-chalet-aulnaie-3168.jpg","chemin":"..\/medias\/images\/prestations\/5-1-ext-e-te-chalet-aulnaie-3168.jpg","libelle":"5-1-ext-e-te-chalet-aulnaie-3168","extension":"jpg","categorie":"","largeur":2000,"theme":"","hauteur":1200,"type":"Image","origine":"","liaisonPave":"","langue":"","id":"3168","urlVignette":"https:\/\/www.lesgets-hebergements.com\/medias\/images\/prestations\/v-5-1-ext-e-te-chalet-aulnaie-3168.jpg","alt":"5-1-ext-e-te-chalet-aulnaie-3168","title":"5-1-ext-e-te-chalet-aulnaie-3168","MultiTaille":{"1920x1440":{"url":"https:\/\/www.lesgets-hebergements.com\/medias\/images\/prestations\/multitailles\/1920x1440_5-1-ext-e-te-chalet-aulnaie-3168.jpg"},"1200x900":{"url":"https:\/\/www.lesgets-hebergements.com\/medias\/images\/prestations\/multitailles\/1200x900_5-1-ext-e-te-chalet-aulnaie-3168.jpg"},"800x600":{"url":"https:\/\/www.lesgets-hebergements.com\/medias\/images\/prestations\/multitailles\/800x600_5-1-ext-e-te-chalet-aulnaie-3168.jpg"},"640x480":{"url":"https:\/\/www.lesgets-hebergements.com\/medias\/images\/prestations\/multitailles\/640x480_5-1-ext-e-te-chalet-aulnaie-3168.jpg"},"320x240":{"url":"https:\/\/www.lesgets-hebergements.com\/medias\/images\/prestations\/multitailles\/320x240_5-1-ext-e-te-chalet-aulnaie-3168.jpg"},"160x120":{"url":"https:\/\/www.lesgets-hebergements.com\/medias\/images\/prestations\/multitailles\/160x120_5-1-ext-e-te-chalet-aulnaie-3168.jpg"},"origine":{"url":"https:\/\/www.lesgets-hebergements.com\/medias\/images\/prestations\/5-1-ext-e-te-chalet-aulnaie-3168.jpg"}},"urlLien":"","typeLien":"","nofollow":"N","copyright":""}]}},"DateDebPublication":"","DateFinPublication":"","PrixAPartirDe":"","PrixPour":"","FicheListeEnCours":"fiche_liste_meubles_prestation_v2","ParametresModele":{"AfficherPhotos":1,"NbPhotosMax":6,"AfficherReserver":0,"AfficherContact":"1","AfficherSalle":1,"AfficherZoneGeo":0,"AfficherEnSavoirPlus":1,"AfficherUneSeuleOuverture":0,"AfficherContactCarte":1,"AfficherTarifsChaudAPartirDe":"1","AfficherTarifChaudSansRecherche":0,"AffichageCoordonnees":"Adresse-\u003EVille","AfficherDispoAccordeon":"1","AfficherDispoResa":"1","AfficherVille":"1","BlocCritereInfo":{"critere1":{"libelle":"","liste_critere":["CLASSEMENT|CLASS4E|I","CLASSEMENT|CLASS3E|I","CLASSEMENT|CLASS2E|I","CLASSEMENT|CLASS1E|I"]},"critere2":{"libelle":""},"critere3":{"libelle":""},"critere4":{"libelle":""},"critere5":{"libelle":"","liste_critere":["GPAIEMENT|H7CVAC|I","GLESPLUS|WIFIINTERNET|I","GLESPLUS|ANIMAUXADMIS|I","GLESPLUS|DRAPSFOURNIS|I","GLESPLUS|EQUIPBEBE|I","GLESPLUS|MULTIPASS|I","ILABEL|I"]},"critere6":{"libelle":"","liste_critere":["DISTANCE|I","DISTANCENA|I","DISTANCECOM|I"]},"critere7":{"libelle":"","liste_critere":["GTYP|I","GCAPACITE|I","GPIECES|I","SUPERF|I"]},"critere8":{"libelle":""},"afficherpictoetpaslibelle":"1"},"BlocPaveInfo":{"texte1":{"pave":["1"],"longeurmax":"140","afficherLibelle":"0","garderHtml":"0"}},"CriteresComportementDispo":"GVISIB[GDISPO","TypePrestataire":"I","ComportementResa":false,"ComportementDispo":true},"AfficherTarifsChaudAPartirDe":"1","AffichageCoordonnees":{"Adresse-Ville":"LES GETS"},"Coordonnees":{"Ville":"LES GETS"},"ContexteId":"PRESTATION|I|ANTHRC|01","ContexteIdHtml":"PRESTATION-I-ANTHRC-01","cleContexte":"I|ANTHRC|01","Bloc":{"texte1":"Au coeur du vieux village et au calme, &agrave; proximit&eacute; imm&eacute;diate des commerces, des pistes et des animations. Appartement            enti&egrave;re...","texte3":"","critere1":{"libelle":"","contenu":{"CLASSEMENT":{"libelle":"Classement Pr\u00e9fectoral","contenu":{"2":"\u003Cimg src=\"https:\/\/www.lesgets-hebergements.com\/medias\/images\/picto\/CLASSEMENT-CLASS3E-I.png\"  alt=\"3 \u00e9toiles\" title=\"3 \u00e9toiles\" \/\u003E"},"codesValeurs":{"2":"CLASSEMENT|CLASS3E|I"},"criteres_datas":{"valeurs":{"2":{"CLASS3E":{"descriptif":""}}}}}}},"critere2":{"libelle":"","contenu":[]},"critere3":{"libelle":"","contenu":[]},"critere4":{"libelle":"","contenu":[]},"critere5":{"libelle":"","contenu":{"GLESPLUS":{"libelle":"Les plus","contenu":{"1":"\u003Cimg src=\"https:\/\/www.lesgets-hebergements.com\/medias\/images\/picto\/GLESPLUS-WIFIINTERNET-I.png\"  alt=\"Wifi \/ Internet\" title=\"Wifi \/ Internet\" \/\u003E","4":"\u003Cimg src=\"https:\/\/www.lesgets-hebergements.com\/medias\/images\/picto\/GLESPLUS-EQUIPBEBE-I.png\"  alt=\"Equipements b\u00e9b\u00e9\" title=\"Equipements b\u00e9b\u00e9\" \/\u003E","6":"\u003Cimg src=\"https:\/\/www.lesgets-hebergements.com\/medias\/images\/picto\/GLESPLUS-MULTIPASS-I.png\"  alt=\"Multipass\" title=\"Multipass\" \/\u003E"},"codesValeurs":{"1":"GLESPLUS|WIFIINTERNET|I","4":"GLESPLUS|EQUIPBEBE|I","6":"GLESPLUS|MULTIPASS|I"},"criteres_datas":{"valeurs":{"1":{"WIFIINTERNET":{"descriptif":""}},"4":{"EQUIPBEBE":{"descriptif":""}},"6":{"MULTIPASS":{"descriptif":""}}}}}}},"critere6":{"libelle":"","contenu":{"DISTANCE":{"libelle":"Situation par rapport aux pistes","contenu":{"3":"\u003Cspan class=\"quantite\"\u003E100m\u003C\/span\u003E \u003Cspan class=\"libelle\"\u003Edes pistes\u003C\/span\u003E"},"codesValeurs":{"3":"DISTANCE|ENMDESPISTES|I"},"criteres_datas":{"valeurs":{"3":{"ENMDESPISTES":{"descriptif":""}}}}},"DISTANCENA":{"libelle":"Distance de l'arr\u00eat Navette Hiver (Gratuite)","contenu":{"2":"\u003Cspan class=\"quantite\"\u003E200m\u003C\/span\u003E \u003Cspan class=\"libelle\"\u003Ede l'arr\u00eat Navette Hiver (gratuite)\u003C\/span\u003E"},"codesValeurs":{"2":"DISTANCENA|ENM|I"},"criteres_datas":{"valeurs":{"2":{"ENM":{"descriptif":""}}}}},"DISTANCECOM":{"libelle":"Distance des premiers commerces","contenu":{"2":"\u003Cspan class=\"quantite\"\u003E50 \u00e0 100m\u003C\/span\u003E \u003Cspan class=\"libelle\"\u003Edes 1ers commerces\u003C\/span\u003E"},"codesValeurs":{"2":"DISTANCECOM|ENMDESCOM|I"},"criteres_datas":{"valeurs":{"2":{"ENMDESCOM":{"descriptif":""}}}}}}},"critere7":{"libelle":"","contenu":{"GTYP":{"libelle":"Type de location","contenu":{"2":"Appartement"},"codesValeurs":{"2":"GTYP|APPARTEMENT|I"},"criteres_datas":{"valeurs":{"2":{"APPARTEMENT":{"descriptif":""}}}}},"GCAPACITE":{"libelle":"Capacit\u00e9 maximum","contenu":{"3":"3 personnes"},"codesValeurs":{"3":"GCAPACITE|3PERS|I"},"criteres_datas":{"valeurs":{"3":{"3PERS":{"descriptif":""}}}}},"GPIECES":{"libelle":"Nombre de pi\u00e8ces","contenu":{"2":"2 pi\u00e8ces"},"codesValeurs":{"2":"GPIECES|G2PIECES|I"},"criteres_datas":{"valeurs":{"2":{"G2PIECES":{"descriptif":""}}}}},"SUPERF":{"libelle":"Superficie totale","contenu":{"1":"\u003Cspan class=\"quantite\"\u003E29\u003C\/span\u003E \u003Cspan class=\"libelle\"\u003Em\u00b2\u003C\/span\u003E"},"codesValeurs":{"1":"SUPERF|SUPERF|I"},"criteres_datas":{"valeurs":{"1":{"SUPERF":{"descriptif":""}}}}}}},"critere8":{"libelle":"","contenu":[]},"critere9":{"libelle":"","contenu":[]}},"LocalisationGps":{"Latitude":"46.15954","Longitude":"6.67116"},"libelleDuPrestataire":"","vuePrestataire":{"pave1":{"libelle":"Descriptif","contenu":""},"pave2":{"libelle":"","contenu":""},"pave3":{"libelle":"","contenu":""},"pave4":{"libelle":"","contenu":""},"pave5":{"libelle":"","contenu":""},"pave6":{"libelle":"","contenu":""},"pave7":{"libelle":"","contenu":""},"pave8":{"libelle":"","contenu":""},"pave9":{"libelle":"","contenu":""},"pave10":{"libelle":"","contenu":""},"pave11":{"libelle":"","contenu":""},"pave12":{"libelle":"","contenu":""},"pave13":{"libelle":"","contenu":""},"pave14":{"libelle":"","contenu":""},"pave15":{"libelle":"","contenu":""},"pave16":{"libelle":"","contenu":""},"pave17":{"libelle":"","contenu":""},"pave18":{"libelle":"","contenu":""},"pave19":{"libelle":"","contenu":""},"pave20":{"libelle":"","contenu":""},"pave21":{"libelle":"","contenu":""},"pave22":{"libelle":"","contenu":""},"pave23":{"libelle":"","contenu":""},"pave24":{"libelle":"","contenu":""},"pave25":{"libelle":"","contenu":""},"Libelle":"Mme Anthonioz Marcelle","Nom":"Anthonioz","Prenom":"Marcelle","NomPrenom":"Anthonioz Marcelle ","CiviliteNomPrenom":"Mme Anthonioz Marcelle ","Cle":"I|ANTHRC","PrestataireParent":"","ContexteStat":"PRESTATAIRE-I-ANTHRC","DateModificationIso":"2021-03-25T12:13:00+01:00","CiviliteLibelleNomPrenom":"Madame Anthonioz Marcelle ","Type":"PRESTATAIRE","TypePrestataire":"I","Adresse":{"LigneAdresse1":"64 Rue du Vieux Village","LigneAdresse2":"","LigneAdresse3":"","CodePostal":"74260","Ville":"LES GETS","Cedex":"","Etat":"","Pays":"FRA"},"Email":"marcelle.anthonioz@orange.fr","Telephone":"","TelephoneBureau":"","Portable":"06 87 52 55 43","SiteWeb":"","Fax":"","Id":"i-anthrc","Code":"I|ANTHRC","Fichier":[],"Url":"anthonioz-marcelle.html","Localisation":{"GoogleMap":{"Latitude":"","Longitude":""}},"ZoneGeo":"","Criteres":{"GLANGU[H1FRAN":"","GLANGU[H2ANGL":"","GPAIEMENT[H1ESPE":"","GPAIEMENT[H2CHEQ":""},"DateFinPublication":"","AffichageCoordonnees":[]},"listeCriteres":{"GNOMBRE":{"1A3PERS":""},"MULTIPASS":{"MULTPASS":""},"MENAGEETENTRE":{"ASPIRATEUR":"","SUPPLEMENT":"50 \u20ac &euro;","AUTRES":"","PARLELOC":""},"HORARRIDEPART":{"DEPART":"10 h","ARRIVEE":"14 h"},"REMISECLEFS":{"PROPIO":""},"ANOT2":{"LINGETOI":"","POSLL":""},"ANOT1":{"XLOGMR":"","APSMOQ":"","NONPMR":""},"CAUTION":{"CAUTIIONPRINCIPALE":"400 \u20ac"},"LESCHA":{"CHACOM120":""},"IANIM":{"ANIMNON":""},"BEBE":{"CHAISEBB":"","LITBB":""},"EQUILO":{"LOVELO":"","LOCAL":""},"PARGAR":{"PARPRI":""},"BALTER":{"ESPVER":""},"GCHAUF":{"CHAUCE":""},"EQUISA":{"PLANCHE":"","FER":""},"EQIPMT":{"DVD":"","TVECRAN":"","WIFIG":""},"SDB1":{"SECHECHEVEUX":"","WCSDB":"","LAVABO":"","SDBD":""},"CHAM1":{"LIT2140":"1"},"CUISIN":{"CUITVA":"","GRILPA":"","BOUEL":"","CAFELECFILTRES":"","LAVAIS":"","REFCON":"","HOTTEASPI":"","INDUCTION":"3","MICRO":"","FOUR":""},"TYPCUI":{"COICUI":""},"SALON":{"BZ160":"1"},"SEJOUR":{"SALON":""},"PRESTATION":{"SEMAINE":""},"ETAGE":{"REZCHA":""},"VUE":{"VILLAGE":""},"PLAN":{"POSITION":"D3"},"DISTANCECOM":{"ENMDESCOM":"50 \u00e0 100m"},"DISTANCENA":{"ENM":"200m"},"REMONTEES":{"MONTCHERY":"290m","CHAVANNES":"400m"},"DISTANCE":{"ENMDESPISTES":"100m"},"EXPOSI":{"SUDOUE":""},"SUPERF":{"SUPERF":"29"},"GLESPLUS":{"MULTIPASS":"","PARKING":"","EQUIPBEBE":"","WIFIINTERNET":""},"CLASSEMENT":{"CLASS3E":""},"GCHAMB":{"G1CHAM":""},"GPIECES":{"G2PIECES":""},"GCAPACITE":{"3PERS":""},"GLOGEM":{"GAPPCH":""},"GTYP":{"APPARTEMENT":""},"GVISIB":{"GDISPO":""},"GLANGU":{"H1FRAN":"","H2ANGL":""},"GPAIEMENT":{"H1ESPE":"","H2CHEQ":""}},"dansCarnetVoyage":true,"Ouverture":"","WidgetDispoRechercheDate":false,"WidgetDispoVoirLienVoirToutesDispos":true,"ChargerWidgetDispoAuClic":true,"WidgetDispo":"\u003Cspan\u003E\u003C\/span\u003E","JsOnClickBtnDispo":"\u003Cscript\u003E\n                try{\n                    WidgetDispos.addChargementAuClicBtnDispoAccordeon('PRESTATION-I-ANTHRC-01',{tabParamsWidgetDispo : {\"id\":\"I|ANTHRC|01\",\"origineListeInfo\":\"\",\"vue\":\"semaineLigne\",\"mode\":\"ajax\",\"url_fiche\":\"aulnaie-1.html\",\"id_form_contact\":\"13\",\"version\":1,\"parametersWidgetV2\":{\"el\":\"blocDispo-PRESTATION-I-ANTHRC-01\",\"object\":{\"code\":\"I|ANTHRC|01\"},\"cid\":null,\"site\":{\"code\":\"ASSO16\",\"url\":\"https:\\\/\\\/www.lesgets-hebergements.com\"},\"slider\":{\"controls\":{\"arrows\":{\"enable\":true,\"showLocked\":true,\"style\":\"button\"}}},\"booking\":{\"enable\":true,\"waitForWindowLoad\":false,\"parameters\":{\"idWidget\":\"blocResa-PRESTATION-I-ANTHRC-01\",\"queryParams\":{\"action\":\"add\",\"fiche\":\"I|ANTHRC|01\"},\"withoutForm\":true}},\"options\":{\"typeDate\":\"SS\",\"elReferer\":\"PRESTATION-I-ANTHRC-01\",\"ingContext\":\"RESA\",\"urlFiche\":\"aulnaie-1.html\",\"startDate\":null,\"templates\":{\"Week\":\"semaine\",\"Days\":\"mois\"},\"plugContactForm\":\"13\"}}},idBloc : \"blocDispo-PRESTATION-I-ANTHRC-01\",prestation : \"I|ANTHRC|01\"});\n                }\n                catch(e) {\n                    \/\/console.log(e);\n                }\u003C\/script\u003E"},"html":" \n \u003Cdiv id=\"CV-PRESTATION-I-ANTHRC-01\" data-contexte-id=\"PRESTATION|I|ANTHRC|01\" data-cle=\"I|ANTHRC|01\" class=\"fiche-liste\"\u003E\n    \n\n    \u003C!-- partie photo --\u003E\n    \u003Cdiv class=\"photo\"\u003E\t\t\t\t\t\t\t\t\t\t\t\t\t\t\t\t\t\t\t\t\t\n        \u003Cdiv class=\"cadre_photo_principale\"\u003E\t\t\n        \n            \t\t\t\t\t\n                    \u003Ca href=\"aulnaie-1.html?origine=carnet#media\"\u003E\n                        \u003Cimg class=\"photo_principale\" alt=\"sejour-cuisine-4433\" src=\"https:\/\/www.lesgets-hebergements.com\/medias\/images\/prestations\/multitailles\/320x240_sejour-cuisine-4433.jpg\" itemprop=\"image\"\u003E\n                    \u003C\/a\u003E\t\t\t\t\t\t\n                \n                    \u003C\/div\u003E\t\t\t\t\t\t\t\t\t\t\t\t\t\t\t\t\t\t\t \t\t\n    \u003C\/div\u003E\n    \n    \u003C!-- partie nom prest --\u003E\n    \u003Cdiv class=\"nom\"\u003E\n        \u003Ch2\u003EAulnaie 1\u003C\/h2\u003E\n        \n            \u003C\/div\u003E\n\n         \n    \u003C!-- partie adresse --\u003E\n    \u003Cdiv class=\"adresse\"\u003E\n    \n      \u003Cspan class=\"Ville\"\u003ELES GETS\u003C\/span\u003E    \n    \u003C\/div\u003E\n    \n    \u003C!-- partie liens --\u003E\n    \u003Cdiv class=\"liens\"\u003E\n            \u003Ca class=\"btn-icon btn-view \" title=\"Voir la fiche d\u00e9taill\u00e9e\" href=\"aulnaie-1.html?origine=carnet\"\u003E\u003C\/a\u003E\u003C!--\u003Ca class=\"btn-icon btn-view \" title=\"\" href=\"?origine=carnet#thaut\"\u003E\u003C\/a\u003E--\u003E\n      \u003Ca class=\"btn-icon btn-trash carnet_voyage_supprimer\" title=\"Supprimer cette fiche de mon carnet de voyage\" href=\"carnet-voyage?action=remove&fiche=I|ANTHRC|01\"\u003E\u003C\/a\u003E\n    \u003C\/div\u003E\n\n\u003C\/div\u003E\n\n","icon":"https:\/\/www.lesgets-hebergements.com\/medias\/images\/carnetVoyageV3\/I.png"},"fiche":"I|ANTHRC|01","popup":"\u003Cdiv id=\"bloc_popup_ajout_fiche_carnet\"\u003E\n    \u003Cdiv class=\"info_popup_ajout_fiche_carnet\"\u003E\n        Vous venez d'ajouter cet \u00e9l\u00e9ment \u00e0 votre carnet de voyage :    \u003C\/div\u003E\n    \u003Cdiv class=\"prest_popup_ajout_fiche_carnet\"\u003E\n        Aulnaie 1    \u003C\/div\u003E\n    \u003Cdiv class=\"bloc_btn_ajout_fiche_carnet form_submit_div\"\u003E\n        \u003Cinput type=\"button\" value=\"Continuer ma s\u00e9lection\" title=\"Continuer ma s\u00e9lection\" name=\"btn_close\" class=\"btn_close_popup_carnet form_submit\" onclick=\"$.colorbox.close()\" \/\u003E\n        \u003Cinput type=\"button\" value=\"Voir ma s\u00e9lection\" title=\"Voir mon carnet\" name=\"btn_panier\" class=\"btn_panier_popup_carnet form_submit\" onclick=\"if(typeof CarnetVoyage != 'undefined') {CarnetVoyage.voirCarnet();}\" \/\u003E\n    \u003C\/div\u003E\n    \u003Cdiv class=\"bloc_btn_ajout_fiche_carnet\"\u003E\n        \u003Cinput type=\"checkbox\" value=\"1\" name=\"desactiver_popup\" id=\"desactiver_popup\" \/\u003E\n        \u003Clabel for=\"desactiver_popup\"\u003ENe plus afficher ce message\u003C\/label\u003E\n    \u003C\/div\u003E\n\u003C\/div\u003E","success":1}