{"nbFiches":1,"dataPrest":{"infoPrest":{"pave1":{"libelle":"Descriptif","contenu":"\u003Cstrong\u003EClass&eacute; 3 &eacute;toiles\u003C\/strong\u003E nouv. normes pour 6 personnes, en \u003Cstrong\u003Emai 2017. \u003C\/strong\u003E","fichiers":[]},"pave2":{"libelle":"Bons Plans \/ Avantages","contenu":"","fichiers":[]},"pave3":{"libelle":"","contenu":""},"pave4":{"libelle":"","contenu":""},"pave5":{"libelle":"","contenu":""},"pave6":{"libelle":"","contenu":""},"pave7":{"libelle":"","contenu":""},"pave8":{"libelle":"","contenu":""},"pave9":{"libelle":"","contenu":""},"pave10":{"libelle":"","contenu":""},"pave11":{"libelle":"","contenu":""},"pave12":{"libelle":"","contenu":""},"pave13":{"libelle":"","contenu":""},"pave14":{"libelle":"","contenu":""},"pave15":{"libelle":"","contenu":""},"pave16":{"libelle":"","contenu":""},"pave17":{"libelle":"","contenu":""},"pave18":{"libelle":"","contenu":""},"pave19":{"libelle":"","contenu":""},"pave20":{"libelle":"","contenu":""},"pave21":{"libelle":"","contenu":""},"pave22":{"libelle":"","contenu":""},"pave23":{"libelle":"","contenu":""},"pave24":{"libelle":"","contenu":""},"pave25":{"libelle":"","contenu":""},"Libelle":"La Forge D","Reference":"","Reftar":"","Type":"PRESTATION","TypePrestataire":"I","ContexteStat":"PRESTATION-I-BAUDAN-04","DateModificationIso":"2026-04-24T12:28:00+02:00","Adresse":{"LigneAdresse1":"178 route du Benevy","LigneAdresse2":"La Forge","LigneAdresse3":"","CodePostal":"74260","Ville":"LES GETS","Cedex":"","Etat":"","Pays":"FRA"},"Id":"i-baudan-04","Code":"I|BAUDAN|04","Cle":"I|BAUDAN|04","Url":"la-forge-d.html","Localisation":{"GoogleMap":{"Latitude":"46.15856","Longitude":"6.66538"}},"ZoneGeo":"","Criteres":{"LESCHA[CHACOM120":"","IANIM[ANIRESRVE":"","BEBE[PARC":"","BEBE[BAIGNOIRE":"","BEBE[CHAISEBB":"","BEBE[LITBB":"","EQUILO[NETOYAGEVELO":"","EQUILO[LOCALVELO":"","EQUILO[CASIER":"","PARGAR[PARPRI":"","PARGAR[GARAGES":"","BALTER[SALON":"","BALTER[TERRA":"","GCHAUF[PLANCHER":"","EQUISA[PLANCHE":"","EQUISA[FER":"","EQUISA[SELINC":"","EQUISA[LAVCO":"","EQIPMT[TELEPHONE":"","EQIPMT[TVECRAN":"","EQIPMT[WIFIG":"","WC1[WCIND":"1","SDB1[SECHECHEVEUX":"","SDB1[LAVABO":"1","SDB1[SDB1B":"","MEZZA[LIT190":"2","CHAM1[LIT2140":"1","CUISIN[CUITVA":"","CUISIN[PIERRADE":"","CUISIN[APPRAC":"","CUISIN[APFOND":"","CUISIN[GRILPA":"","CUISIN[BOUEL":"","CUISIN[CAFELECFILTRES":"","CUISIN[LAVAIS":"","CUISIN[REFCON":"150","CUISIN[HOTTEASPI":"","CUISIN[PLACHG":"4","CUISIN[MICRO":"","CUISIN[FOUR":"","TYPCUI[COICUI":"","SEJOUR[CONV":"1","SEJOUR[SALON":"","PRESTATION[SEMAINE":"","ETAGE[DUPLEX":"","VUE[JARDIN":"","VUE[MONTAGNE":"","VUE[VILLAGE":"","VUE[PISTES":"","PLAN[POSITION":"E4","DISTANCECOM[ENMDESCOM":"300m","DISTANCENA[SKIAUPIED":"","REMONTEES[MONTCHERY":"350m","REMONTEES[CHAVANNES":"350m","EXPOSI[OUEST":"","EXPOSI[EST":"","SUPERF[SUPERF":"54","ESCALE[3EDELWEISS":"","GLESPLUS[PARKING":"","GLESPLUS[EQUIPBEBE":"","GLESPLUS[ANIMAUXADMIS":"","GLESPLUS[WIFIINTERNET":"","CLASSEMENT[CLASS3E":"","GCHAMB[GMEZZA":"","GCHAMB[G1CHAM":"","GPIECES[G3PIECES":"","GCAPACITE[6PERS":"","GLOGEM[GAPPRE":"","GTYP[APPARTEMENT":"","GVISIB[GDISPO":"","CAUTION[CAUTIIONPRINCIPALE":"250\u20ac","CAUTION[MENAGE":"40\u20ac","ANOT1[APSMOQ":"","ANOT1[XLOGMR":"","ANOT2[POSLL":"","ANOT2[LINGETOI":"","REMISECLEFS[PROPIO":"","HORARRIDEPART[ARRIVEE":"14h","HORARRIDEPART[DEPART":"10h","MENAGEETENTRE[PARLELOC":"","MENAGEETENTRE[AUTRES":"","MENAGEETENTRE[ASPIRATEUR":"","MENAGEETENTRE[ASPICENTRALISEE":"","GNOMBRE[6PERS":"","ANOT1[NONPMR":""},"Prestataire":{"pave1":{"libelle":"Descriptif","contenu":""},"pave2":{"libelle":"","contenu":""},"pave3":{"libelle":"","contenu":""},"pave4":{"libelle":"","contenu":""},"pave5":{"libelle":"","contenu":""},"pave6":{"libelle":"","contenu":""},"pave7":{"libelle":"","contenu":""},"pave8":{"libelle":"","contenu":""},"pave9":{"libelle":"","contenu":""},"pave10":{"libelle":"","contenu":""},"pave11":{"libelle":"","contenu":""},"pave12":{"libelle":"","contenu":""},"pave13":{"libelle":"","contenu":""},"pave14":{"libelle":"","contenu":""},"pave15":{"libelle":"","contenu":""},"pave16":{"libelle":"","contenu":""},"pave17":{"libelle":"","contenu":""},"pave18":{"libelle":"","contenu":""},"pave19":{"libelle":"","contenu":""},"pave20":{"libelle":"","contenu":""},"pave21":{"libelle":"","contenu":""},"pave22":{"libelle":"","contenu":""},"pave23":{"libelle":"","contenu":""},"pave24":{"libelle":"","contenu":""},"pave25":{"libelle":"","contenu":""},"Libelle":"M Baud Andr\u00e9","Nom":"Baud","Prenom":"Andr\u00e9","NomPrenom":"Baud Andr\u00e9 ","CiviliteNomPrenom":"M Baud Andr\u00e9 ","Cle":"I|BAUDAN","PrestataireParent":"","ContexteStat":"PRESTATAIRE-I-BAUDAN","DateModificationIso":"2022-02-19T17:19:00+01:00","CiviliteLibelleNomPrenom":"Monsieur Baud Andr\u00e9 ","Type":"PRESTATAIRE","TypePrestataire":"I","Adresse":{"LigneAdresse1":"12 rue H\u00e9l\u00e8ne Boucher","LigneAdresse2":"Lotissement l'Or\u00e9e des Bois","LigneAdresse3":"","CodePostal":"74100","Ville":"VILLE LA GRAND","Cedex":"","Etat":"","Pays":"FRA"},"Email":"andre.baud@orange.fr","Telephone":"04 50 38 96 24","TelephoneBureau":"","Portable":"06 80 35 83 72","SiteWeb":"","Fax":"","Id":"i-baudan","Code":"I|BAUDAN","Fichier":[],"Url":"baud-andre.html","Localisation":{"GoogleMap":{"Latitude":"","Longitude":""}},"ZoneGeo":"","Criteres":{"CHEQUESVACANCES[CHEQUESVACANCES":"","GPAIEMENT[H2CHEQ":"","GPAIEMENT[H1ESPE":"","GPAIEMENT[H92VIR":"","GPAIEMENT[H7CVAC":"","GLANGU[H1FRAN":""},"DateFinPublication":""},"Fichier":{"Image":[{"url":"https:\/\/www.lesgets-hebergements.com\/medias\/images\/prestations\/1-1salon-795.jpg","chemin":"..\/medias\/images\/prestations\/1-1salon-795.jpg","libelle":"1-1salon-795","extension":"jpg","categorie":"","largeur":640,"theme":"","hauteur":427,"type":"Image","origine":"","liaisonPave":"","langue":"","id":"795","urlVignette":"https:\/\/www.lesgets-hebergements.com\/medias\/images\/prestations\/v-1-1salon-795.jpg","alt":"1-1salon-795","title":"1-1salon-795","MultiTaille":{"1920x1440":{"url":"https:\/\/www.lesgets-hebergements.com\/medias\/images\/prestations\/multitailles\/1920x1440_1-1salon-795.jpg"},"1200x900":{"url":"https:\/\/www.lesgets-hebergements.com\/medias\/images\/prestations\/multitailles\/1200x900_1-1salon-795.jpg"},"800x600":{"url":"https:\/\/www.lesgets-hebergements.com\/medias\/images\/prestations\/multitailles\/800x600_1-1salon-795.jpg"},"640x480":{"url":"https:\/\/www.lesgets-hebergements.com\/medias\/images\/prestations\/multitailles\/640x480_1-1salon-795.jpg"},"320x240":{"url":"https:\/\/www.lesgets-hebergements.com\/medias\/images\/prestations\/multitailles\/320x240_1-1salon-795.jpg"},"160x120":{"url":"https:\/\/www.lesgets-hebergements.com\/medias\/images\/prestations\/multitailles\/160x120_1-1salon-795.jpg"},"origine":{"url":"https:\/\/www.lesgets-hebergements.com\/medias\/images\/prestations\/1-1salon-795.jpg"}},"urlLien":"","typeLien":"","nofollow":"N","copyright":""},{"url":"https:\/\/www.lesgets-hebergements.com\/medias\/images\/prestations\/2-2cuisine-796.jpg","chemin":"..\/medias\/images\/prestations\/2-2cuisine-796.jpg","libelle":"2-2cuisine-796","extension":"jpg","categorie":"","largeur":640,"theme":"","hauteur":427,"type":"Image","origine":"","liaisonPave":"","langue":"","id":"796","urlVignette":"https:\/\/www.lesgets-hebergements.com\/medias\/images\/prestations\/v-2-2cuisine-796.jpg","alt":"2-2cuisine-796","title":"2-2cuisine-796","MultiTaille":{"1920x1440":{"url":"https:\/\/www.lesgets-hebergements.com\/medias\/images\/prestations\/multitailles\/1920x1440_2-2cuisine-796.jpg"},"1200x900":{"url":"https:\/\/www.lesgets-hebergements.com\/medias\/images\/prestations\/multitailles\/1200x900_2-2cuisine-796.jpg"},"800x600":{"url":"https:\/\/www.lesgets-hebergements.com\/medias\/images\/prestations\/multitailles\/800x600_2-2cuisine-796.jpg"},"640x480":{"url":"https:\/\/www.lesgets-hebergements.com\/medias\/images\/prestations\/multitailles\/640x480_2-2cuisine-796.jpg"},"320x240":{"url":"https:\/\/www.lesgets-hebergements.com\/medias\/images\/prestations\/multitailles\/320x240_2-2cuisine-796.jpg"},"160x120":{"url":"https:\/\/www.lesgets-hebergements.com\/medias\/images\/prestations\/multitailles\/160x120_2-2cuisine-796.jpg"},"origine":{"url":"https:\/\/www.lesgets-hebergements.com\/medias\/images\/prestations\/2-2cuisine-796.jpg"}},"urlLien":"","typeLien":"","nofollow":"N","copyright":""},{"url":"https:\/\/www.lesgets-hebergements.com\/medias\/images\/prestations\/3-2chambre-mezanine-798.jpg","chemin":"..\/medias\/images\/prestations\/3-2chambre-mezanine-798.jpg","libelle":"3-2chambre-mezanine-798","extension":"jpg","categorie":"","largeur":640,"theme":"","hauteur":427,"type":"Image","origine":"","liaisonPave":"","langue":"","id":"798","urlVignette":"https:\/\/www.lesgets-hebergements.com\/medias\/images\/prestations\/v-3-2chambre-mezanine-798.jpg","alt":"3-2chambre-mezanine-798","title":"3-2chambre-mezanine-798","MultiTaille":{"1920x1440":{"url":"https:\/\/www.lesgets-hebergements.com\/medias\/images\/prestations\/multitailles\/1920x1440_3-2chambre-mezanine-798.jpg"},"1200x900":{"url":"https:\/\/www.lesgets-hebergements.com\/medias\/images\/prestations\/multitailles\/1200x900_3-2chambre-mezanine-798.jpg"},"800x600":{"url":"https:\/\/www.lesgets-hebergements.com\/medias\/images\/prestations\/multitailles\/800x600_3-2chambre-mezanine-798.jpg"},"640x480":{"url":"https:\/\/www.lesgets-hebergements.com\/medias\/images\/prestations\/multitailles\/640x480_3-2chambre-mezanine-798.jpg"},"320x240":{"url":"https:\/\/www.lesgets-hebergements.com\/medias\/images\/prestations\/multitailles\/320x240_3-2chambre-mezanine-798.jpg"},"160x120":{"url":"https:\/\/www.lesgets-hebergements.com\/medias\/images\/prestations\/multitailles\/160x120_3-2chambre-mezanine-798.jpg"},"origine":{"url":"https:\/\/www.lesgets-hebergements.com\/medias\/images\/prestations\/3-2chambre-mezanine-798.jpg"}},"urlLien":"","typeLien":"","nofollow":"N","copyright":""},{"url":"https:\/\/www.lesgets-hebergements.com\/medias\/images\/prestations\/4-1sdb-799.jpg","chemin":"..\/medias\/images\/prestations\/4-1sdb-799.jpg","libelle":"4-1sdb-799","extension":"jpg","categorie":"","largeur":640,"theme":"","hauteur":427,"type":"Image","origine":"","liaisonPave":"","langue":"","id":"799","urlVignette":"https:\/\/www.lesgets-hebergements.com\/medias\/images\/prestations\/v-4-1sdb-799.jpg","alt":"4-1sdb-799","title":"4-1sdb-799","MultiTaille":{"1920x1440":{"url":"https:\/\/www.lesgets-hebergements.com\/medias\/images\/prestations\/multitailles\/1920x1440_4-1sdb-799.jpg"},"1200x900":{"url":"https:\/\/www.lesgets-hebergements.com\/medias\/images\/prestations\/multitailles\/1200x900_4-1sdb-799.jpg"},"800x600":{"url":"https:\/\/www.lesgets-hebergements.com\/medias\/images\/prestations\/multitailles\/800x600_4-1sdb-799.jpg"},"640x480":{"url":"https:\/\/www.lesgets-hebergements.com\/medias\/images\/prestations\/multitailles\/640x480_4-1sdb-799.jpg"},"320x240":{"url":"https:\/\/www.lesgets-hebergements.com\/medias\/images\/prestations\/multitailles\/320x240_4-1sdb-799.jpg"},"160x120":{"url":"https:\/\/www.lesgets-hebergements.com\/medias\/images\/prestations\/multitailles\/160x120_4-1sdb-799.jpg"},"origine":{"url":"https:\/\/www.lesgets-hebergements.com\/medias\/images\/prestations\/4-1sdb-799.jpg"}},"urlLien":"","typeLien":"","nofollow":"N","copyright":""},{"url":"https:\/\/www.lesgets-hebergements.com\/medias\/images\/prestations\/20220629-170510-5215.jpg","chemin":"..\/medias\/images\/prestations\/20220629-170510-5215.jpg","libelle":"Chambre Double","extension":"jpg","categorie":"","largeur":2048,"theme":"","hauteur":1536,"type":"Image","origine":"","liaisonPave":"","langue":"","id":"5215","urlVignette":"https:\/\/www.lesgets-hebergements.com\/medias\/images\/prestations\/v-20220629-170510-5215.jpg","alt":"20220629-170510-5215","title":"Un lit de 140,un lit de b\u00e9b\u00e9","MultiTaille":{"1920x1440":{"url":"https:\/\/www.lesgets-hebergements.com\/medias\/images\/prestations\/multitailles\/1920x1440_20220629-170510-5215.jpg"},"1200x900":{"url":"https:\/\/www.lesgets-hebergements.com\/medias\/images\/prestations\/multitailles\/1200x900_20220629-170510-5215.jpg"},"800x600":{"url":"https:\/\/www.lesgets-hebergements.com\/medias\/images\/prestations\/multitailles\/800x600_20220629-170510-5215.jpg"},"640x480":{"url":"https:\/\/www.lesgets-hebergements.com\/medias\/images\/prestations\/multitailles\/640x480_20220629-170510-5215.jpg"},"320x240":{"url":"https:\/\/www.lesgets-hebergements.com\/medias\/images\/prestations\/multitailles\/320x240_20220629-170510-5215.jpg"},"160x120":{"url":"https:\/\/www.lesgets-hebergements.com\/medias\/images\/prestations\/multitailles\/160x120_20220629-170510-5215.jpg"},"origine":{"url":"https:\/\/www.lesgets-hebergements.com\/medias\/images\/prestations\/20220629-170510-5215.jpg"}},"urlLien":"","typeLien":"|","nofollow":"N","copyright":""},{"url":"https:\/\/www.lesgets-hebergements.com\/medias\/images\/prestations\/20220628-165615-5216.jpg","chemin":"..\/medias\/images\/prestations\/20220628-165615-5216.jpg","libelle":"Lit de b\u00e9b\u00e9 et placard dans chambre 1","extension":"jpg","categorie":"","largeur":2048,"theme":"","hauteur":1536,"type":"Image","origine":"","liaisonPave":"","langue":"","id":"5216","urlVignette":"https:\/\/www.lesgets-hebergements.com\/medias\/images\/prestations\/v-20220628-165615-5216.jpg","alt":"20220628-165615-5216","title":"20220628-165615-5216","MultiTaille":{"1920x1440":{"url":"https:\/\/www.lesgets-hebergements.com\/medias\/images\/prestations\/multitailles\/1920x1440_20220628-165615-5216.jpg"},"1200x900":{"url":"https:\/\/www.lesgets-hebergements.com\/medias\/images\/prestations\/multitailles\/1200x900_20220628-165615-5216.jpg"},"800x600":{"url":"https:\/\/www.lesgets-hebergements.com\/medias\/images\/prestations\/multitailles\/800x600_20220628-165615-5216.jpg"},"640x480":{"url":"https:\/\/www.lesgets-hebergements.com\/medias\/images\/prestations\/multitailles\/640x480_20220628-165615-5216.jpg"},"320x240":{"url":"https:\/\/www.lesgets-hebergements.com\/medias\/images\/prestations\/multitailles\/320x240_20220628-165615-5216.jpg"},"160x120":{"url":"https:\/\/www.lesgets-hebergements.com\/medias\/images\/prestations\/multitailles\/160x120_20220628-165615-5216.jpg"},"origine":{"url":"https:\/\/www.lesgets-hebergements.com\/medias\/images\/prestations\/20220628-165615-5216.jpg"}},"urlLien":"","typeLien":"|","nofollow":"N","copyright":""},{"url":"https:\/\/www.lesgets-hebergements.com\/medias\/images\/prestations\/x-laforge-hiv-800.jpg","chemin":"..\/medias\/images\/prestations\/x-laforge-hiv-800.jpg","libelle":"x-laforge-hiv-800","extension":"jpg","categorie":"","largeur":641,"theme":"","hauteur":476,"type":"Image","origine":"","liaisonPave":"","langue":"","id":"800","urlVignette":"https:\/\/www.lesgets-hebergements.com\/medias\/images\/prestations\/v-x-laforge-hiv-800.jpg","alt":"x-laforge-hiv-800","title":"x-laforge-hiv-800","MultiTaille":{"1920x1440":{"url":"https:\/\/www.lesgets-hebergements.com\/medias\/images\/prestations\/multitailles\/1920x1440_x-laforge-hiv-800.jpg"},"1200x900":{"url":"https:\/\/www.lesgets-hebergements.com\/medias\/images\/prestations\/multitailles\/1200x900_x-laforge-hiv-800.jpg"},"800x600":{"url":"https:\/\/www.lesgets-hebergements.com\/medias\/images\/prestations\/multitailles\/800x600_x-laforge-hiv-800.jpg"},"640x480":{"url":"https:\/\/www.lesgets-hebergements.com\/medias\/images\/prestations\/multitailles\/640x480_x-laforge-hiv-800.jpg"},"320x240":{"url":"https:\/\/www.lesgets-hebergements.com\/medias\/images\/prestations\/multitailles\/320x240_x-laforge-hiv-800.jpg"},"160x120":{"url":"https:\/\/www.lesgets-hebergements.com\/medias\/images\/prestations\/multitailles\/160x120_x-laforge-hiv-800.jpg"},"origine":{"url":"https:\/\/www.lesgets-hebergements.com\/medias\/images\/prestations\/x-laforge-hiv-800.jpg"}},"urlLien":"","typeLien":"","nofollow":"N","copyright":""},{"url":"https:\/\/www.lesgets-hebergements.com\/medias\/images\/prestations\/y-vue-sur-chavannes-801.jpg","chemin":"..\/medias\/images\/prestations\/y-vue-sur-chavannes-801.jpg","libelle":"y-vue-sur-chavannes-801","extension":"jpg","categorie":"","largeur":638,"theme":"","hauteur":471,"type":"Image","origine":"","liaisonPave":"","langue":"","id":"801","urlVignette":"https:\/\/www.lesgets-hebergements.com\/medias\/images\/prestations\/v-y-vue-sur-chavannes-801.jpg","alt":"y-vue-sur-chavannes-801","title":"y-vue-sur-chavannes-801","MultiTaille":{"1920x1440":{"url":"https:\/\/www.lesgets-hebergements.com\/medias\/images\/prestations\/multitailles\/1920x1440_y-vue-sur-chavannes-801.jpg"},"1200x900":{"url":"https:\/\/www.lesgets-hebergements.com\/medias\/images\/prestations\/multitailles\/1200x900_y-vue-sur-chavannes-801.jpg"},"800x600":{"url":"https:\/\/www.lesgets-hebergements.com\/medias\/images\/prestations\/multitailles\/800x600_y-vue-sur-chavannes-801.jpg"},"640x480":{"url":"https:\/\/www.lesgets-hebergements.com\/medias\/images\/prestations\/multitailles\/640x480_y-vue-sur-chavannes-801.jpg"},"320x240":{"url":"https:\/\/www.lesgets-hebergements.com\/medias\/images\/prestations\/multitailles\/320x240_y-vue-sur-chavannes-801.jpg"},"160x120":{"url":"https:\/\/www.lesgets-hebergements.com\/medias\/images\/prestations\/multitailles\/160x120_y-vue-sur-chavannes-801.jpg"},"origine":{"url":"https:\/\/www.lesgets-hebergements.com\/medias\/images\/prestations\/y-vue-sur-chavannes-801.jpg"}},"urlLien":"","typeLien":"","nofollow":"N","copyright":""},{"url":"https:\/\/www.lesgets-hebergements.com\/medias\/images\/prestations\/z-vue-sur-laturche-802.jpg","chemin":"..\/medias\/images\/prestations\/z-vue-sur-laturche-802.jpg","libelle":"z-vue-sur-laturche-802","extension":"jpg","categorie":"","largeur":637,"theme":"","hauteur":476,"type":"Image","origine":"","liaisonPave":"","langue":"","id":"802","urlVignette":"https:\/\/www.lesgets-hebergements.com\/medias\/images\/prestations\/v-z-vue-sur-laturche-802.jpg","alt":"z-vue-sur-laturche-802","title":"z-vue-sur-laturche-802","MultiTaille":{"1920x1440":{"url":"https:\/\/www.lesgets-hebergements.com\/medias\/images\/prestations\/multitailles\/1920x1440_z-vue-sur-laturche-802.jpg"},"1200x900":{"url":"https:\/\/www.lesgets-hebergements.com\/medias\/images\/prestations\/multitailles\/1200x900_z-vue-sur-laturche-802.jpg"},"800x600":{"url":"https:\/\/www.lesgets-hebergements.com\/medias\/images\/prestations\/multitailles\/800x600_z-vue-sur-laturche-802.jpg"},"640x480":{"url":"https:\/\/www.lesgets-hebergements.com\/medias\/images\/prestations\/multitailles\/640x480_z-vue-sur-laturche-802.jpg"},"320x240":{"url":"https:\/\/www.lesgets-hebergements.com\/medias\/images\/prestations\/multitailles\/320x240_z-vue-sur-laturche-802.jpg"},"160x120":{"url":"https:\/\/www.lesgets-hebergements.com\/medias\/images\/prestations\/multitailles\/160x120_z-vue-sur-laturche-802.jpg"},"origine":{"url":"https:\/\/www.lesgets-hebergements.com\/medias\/images\/prestations\/z-vue-sur-laturche-802.jpg"}},"urlLien":"","typeLien":"","nofollow":"N","copyright":""}],"ByCategorie":{"":[{"url":"https:\/\/www.lesgets-hebergements.com\/medias\/images\/prestations\/1-1salon-795.jpg","chemin":"..\/medias\/images\/prestations\/1-1salon-795.jpg","libelle":"1-1salon-795","extension":"jpg","categorie":"","largeur":640,"theme":"","hauteur":427,"type":"Image","origine":"","liaisonPave":"","langue":"","id":"795","urlVignette":"https:\/\/www.lesgets-hebergements.com\/medias\/images\/prestations\/v-1-1salon-795.jpg","alt":"1-1salon-795","title":"1-1salon-795","MultiTaille":{"1920x1440":{"url":"https:\/\/www.lesgets-hebergements.com\/medias\/images\/prestations\/multitailles\/1920x1440_1-1salon-795.jpg"},"1200x900":{"url":"https:\/\/www.lesgets-hebergements.com\/medias\/images\/prestations\/multitailles\/1200x900_1-1salon-795.jpg"},"800x600":{"url":"https:\/\/www.lesgets-hebergements.com\/medias\/images\/prestations\/multitailles\/800x600_1-1salon-795.jpg"},"640x480":{"url":"https:\/\/www.lesgets-hebergements.com\/medias\/images\/prestations\/multitailles\/640x480_1-1salon-795.jpg"},"320x240":{"url":"https:\/\/www.lesgets-hebergements.com\/medias\/images\/prestations\/multitailles\/320x240_1-1salon-795.jpg"},"160x120":{"url":"https:\/\/www.lesgets-hebergements.com\/medias\/images\/prestations\/multitailles\/160x120_1-1salon-795.jpg"},"origine":{"url":"https:\/\/www.lesgets-hebergements.com\/medias\/images\/prestations\/1-1salon-795.jpg"}},"urlLien":"","typeLien":"","nofollow":"N","copyright":""},{"url":"https:\/\/www.lesgets-hebergements.com\/medias\/images\/prestations\/classement-3-a-toiles-en-mai-2017-4089.pdf","chemin":"..\/medias\/images\/prestations\/classement-3-a-toiles-en-mai-2017-4089.pdf","libelle":"classement-3-\u00e9toiles-en-mai-2017","extension":"pdf","categorie":"","largeur":"","theme":"","hauteur":"","type":"Document","origine":"","liaisonPave":"","langue":"","id":"4089","poids":"148.14 Ko","alt":"classement-3-\u00e9toiles-en-mai-2017","title":"classement-3-\u00e9toiles-en-mai-2017"},{"url":"https:\/\/www.lesgets-hebergements.com\/medias\/images\/prestations\/2-2cuisine-796.jpg","chemin":"..\/medias\/images\/prestations\/2-2cuisine-796.jpg","libelle":"2-2cuisine-796","extension":"jpg","categorie":"","largeur":640,"theme":"","hauteur":427,"type":"Image","origine":"","liaisonPave":"","langue":"","id":"796","urlVignette":"https:\/\/www.lesgets-hebergements.com\/medias\/images\/prestations\/v-2-2cuisine-796.jpg","alt":"2-2cuisine-796","title":"2-2cuisine-796","MultiTaille":{"1920x1440":{"url":"https:\/\/www.lesgets-hebergements.com\/medias\/images\/prestations\/multitailles\/1920x1440_2-2cuisine-796.jpg"},"1200x900":{"url":"https:\/\/www.lesgets-hebergements.com\/medias\/images\/prestations\/multitailles\/1200x900_2-2cuisine-796.jpg"},"800x600":{"url":"https:\/\/www.lesgets-hebergements.com\/medias\/images\/prestations\/multitailles\/800x600_2-2cuisine-796.jpg"},"640x480":{"url":"https:\/\/www.lesgets-hebergements.com\/medias\/images\/prestations\/multitailles\/640x480_2-2cuisine-796.jpg"},"320x240":{"url":"https:\/\/www.lesgets-hebergements.com\/medias\/images\/prestations\/multitailles\/320x240_2-2cuisine-796.jpg"},"160x120":{"url":"https:\/\/www.lesgets-hebergements.com\/medias\/images\/prestations\/multitailles\/160x120_2-2cuisine-796.jpg"},"origine":{"url":"https:\/\/www.lesgets-hebergements.com\/medias\/images\/prestations\/2-2cuisine-796.jpg"}},"urlLien":"","typeLien":"","nofollow":"N","copyright":""},{"url":"https:\/\/www.lesgets-hebergements.com\/medias\/images\/prestations\/3-2chambre-mezanine-798.jpg","chemin":"..\/medias\/images\/prestations\/3-2chambre-mezanine-798.jpg","libelle":"3-2chambre-mezanine-798","extension":"jpg","categorie":"","largeur":640,"theme":"","hauteur":427,"type":"Image","origine":"","liaisonPave":"","langue":"","id":"798","urlVignette":"https:\/\/www.lesgets-hebergements.com\/medias\/images\/prestations\/v-3-2chambre-mezanine-798.jpg","alt":"3-2chambre-mezanine-798","title":"3-2chambre-mezanine-798","MultiTaille":{"1920x1440":{"url":"https:\/\/www.lesgets-hebergements.com\/medias\/images\/prestations\/multitailles\/1920x1440_3-2chambre-mezanine-798.jpg"},"1200x900":{"url":"https:\/\/www.lesgets-hebergements.com\/medias\/images\/prestations\/multitailles\/1200x900_3-2chambre-mezanine-798.jpg"},"800x600":{"url":"https:\/\/www.lesgets-hebergements.com\/medias\/images\/prestations\/multitailles\/800x600_3-2chambre-mezanine-798.jpg"},"640x480":{"url":"https:\/\/www.lesgets-hebergements.com\/medias\/images\/prestations\/multitailles\/640x480_3-2chambre-mezanine-798.jpg"},"320x240":{"url":"https:\/\/www.lesgets-hebergements.com\/medias\/images\/prestations\/multitailles\/320x240_3-2chambre-mezanine-798.jpg"},"160x120":{"url":"https:\/\/www.lesgets-hebergements.com\/medias\/images\/prestations\/multitailles\/160x120_3-2chambre-mezanine-798.jpg"},"origine":{"url":"https:\/\/www.lesgets-hebergements.com\/medias\/images\/prestations\/3-2chambre-mezanine-798.jpg"}},"urlLien":"","typeLien":"","nofollow":"N","copyright":""},{"url":"https:\/\/www.lesgets-hebergements.com\/medias\/images\/prestations\/4-1sdb-799.jpg","chemin":"..\/medias\/images\/prestations\/4-1sdb-799.jpg","libelle":"4-1sdb-799","extension":"jpg","categorie":"","largeur":640,"theme":"","hauteur":427,"type":"Image","origine":"","liaisonPave":"","langue":"","id":"799","urlVignette":"https:\/\/www.lesgets-hebergements.com\/medias\/images\/prestations\/v-4-1sdb-799.jpg","alt":"4-1sdb-799","title":"4-1sdb-799","MultiTaille":{"1920x1440":{"url":"https:\/\/www.lesgets-hebergements.com\/medias\/images\/prestations\/multitailles\/1920x1440_4-1sdb-799.jpg"},"1200x900":{"url":"https:\/\/www.lesgets-hebergements.com\/medias\/images\/prestations\/multitailles\/1200x900_4-1sdb-799.jpg"},"800x600":{"url":"https:\/\/www.lesgets-hebergements.com\/medias\/images\/prestations\/multitailles\/800x600_4-1sdb-799.jpg"},"640x480":{"url":"https:\/\/www.lesgets-hebergements.com\/medias\/images\/prestations\/multitailles\/640x480_4-1sdb-799.jpg"},"320x240":{"url":"https:\/\/www.lesgets-hebergements.com\/medias\/images\/prestations\/multitailles\/320x240_4-1sdb-799.jpg"},"160x120":{"url":"https:\/\/www.lesgets-hebergements.com\/medias\/images\/prestations\/multitailles\/160x120_4-1sdb-799.jpg"},"origine":{"url":"https:\/\/www.lesgets-hebergements.com\/medias\/images\/prestations\/4-1sdb-799.jpg"}},"urlLien":"","typeLien":"","nofollow":"N","copyright":""},{"url":"https:\/\/www.lesgets-hebergements.com\/medias\/images\/prestations\/20220629-170510-5215.jpg","chemin":"..\/medias\/images\/prestations\/20220629-170510-5215.jpg","libelle":"Chambre Double","extension":"jpg","categorie":"","largeur":2048,"theme":"","hauteur":1536,"type":"Image","origine":"","liaisonPave":"","langue":"","id":"5215","urlVignette":"https:\/\/www.lesgets-hebergements.com\/medias\/images\/prestations\/v-20220629-170510-5215.jpg","alt":"20220629-170510-5215","title":"Un lit de 140,un lit de b\u00e9b\u00e9","MultiTaille":{"1920x1440":{"url":"https:\/\/www.lesgets-hebergements.com\/medias\/images\/prestations\/multitailles\/1920x1440_20220629-170510-5215.jpg"},"1200x900":{"url":"https:\/\/www.lesgets-hebergements.com\/medias\/images\/prestations\/multitailles\/1200x900_20220629-170510-5215.jpg"},"800x600":{"url":"https:\/\/www.lesgets-hebergements.com\/medias\/images\/prestations\/multitailles\/800x600_20220629-170510-5215.jpg"},"640x480":{"url":"https:\/\/www.lesgets-hebergements.com\/medias\/images\/prestations\/multitailles\/640x480_20220629-170510-5215.jpg"},"320x240":{"url":"https:\/\/www.lesgets-hebergements.com\/medias\/images\/prestations\/multitailles\/320x240_20220629-170510-5215.jpg"},"160x120":{"url":"https:\/\/www.lesgets-hebergements.com\/medias\/images\/prestations\/multitailles\/160x120_20220629-170510-5215.jpg"},"origine":{"url":"https:\/\/www.lesgets-hebergements.com\/medias\/images\/prestations\/20220629-170510-5215.jpg"}},"urlLien":"","typeLien":"|","nofollow":"N","copyright":""},{"url":"https:\/\/www.lesgets-hebergements.com\/medias\/images\/prestations\/20220628-165615-5216.jpg","chemin":"..\/medias\/images\/prestations\/20220628-165615-5216.jpg","libelle":"Lit de b\u00e9b\u00e9 et placard dans chambre 1","extension":"jpg","categorie":"","largeur":2048,"theme":"","hauteur":1536,"type":"Image","origine":"","liaisonPave":"","langue":"","id":"5216","urlVignette":"https:\/\/www.lesgets-hebergements.com\/medias\/images\/prestations\/v-20220628-165615-5216.jpg","alt":"20220628-165615-5216","title":"20220628-165615-5216","MultiTaille":{"1920x1440":{"url":"https:\/\/www.lesgets-hebergements.com\/medias\/images\/prestations\/multitailles\/1920x1440_20220628-165615-5216.jpg"},"1200x900":{"url":"https:\/\/www.lesgets-hebergements.com\/medias\/images\/prestations\/multitailles\/1200x900_20220628-165615-5216.jpg"},"800x600":{"url":"https:\/\/www.lesgets-hebergements.com\/medias\/images\/prestations\/multitailles\/800x600_20220628-165615-5216.jpg"},"640x480":{"url":"https:\/\/www.lesgets-hebergements.com\/medias\/images\/prestations\/multitailles\/640x480_20220628-165615-5216.jpg"},"320x240":{"url":"https:\/\/www.lesgets-hebergements.com\/medias\/images\/prestations\/multitailles\/320x240_20220628-165615-5216.jpg"},"160x120":{"url":"https:\/\/www.lesgets-hebergements.com\/medias\/images\/prestations\/multitailles\/160x120_20220628-165615-5216.jpg"},"origine":{"url":"https:\/\/www.lesgets-hebergements.com\/medias\/images\/prestations\/20220628-165615-5216.jpg"}},"urlLien":"","typeLien":"|","nofollow":"N","copyright":""},{"url":"https:\/\/www.lesgets-hebergements.com\/medias\/images\/prestations\/x-laforge-hiv-800.jpg","chemin":"..\/medias\/images\/prestations\/x-laforge-hiv-800.jpg","libelle":"x-laforge-hiv-800","extension":"jpg","categorie":"","largeur":641,"theme":"","hauteur":476,"type":"Image","origine":"","liaisonPave":"","langue":"","id":"800","urlVignette":"https:\/\/www.lesgets-hebergements.com\/medias\/images\/prestations\/v-x-laforge-hiv-800.jpg","alt":"x-laforge-hiv-800","title":"x-laforge-hiv-800","MultiTaille":{"1920x1440":{"url":"https:\/\/www.lesgets-hebergements.com\/medias\/images\/prestations\/multitailles\/1920x1440_x-laforge-hiv-800.jpg"},"1200x900":{"url":"https:\/\/www.lesgets-hebergements.com\/medias\/images\/prestations\/multitailles\/1200x900_x-laforge-hiv-800.jpg"},"800x600":{"url":"https:\/\/www.lesgets-hebergements.com\/medias\/images\/prestations\/multitailles\/800x600_x-laforge-hiv-800.jpg"},"640x480":{"url":"https:\/\/www.lesgets-hebergements.com\/medias\/images\/prestations\/multitailles\/640x480_x-laforge-hiv-800.jpg"},"320x240":{"url":"https:\/\/www.lesgets-hebergements.com\/medias\/images\/prestations\/multitailles\/320x240_x-laforge-hiv-800.jpg"},"160x120":{"url":"https:\/\/www.lesgets-hebergements.com\/medias\/images\/prestations\/multitailles\/160x120_x-laforge-hiv-800.jpg"},"origine":{"url":"https:\/\/www.lesgets-hebergements.com\/medias\/images\/prestations\/x-laforge-hiv-800.jpg"}},"urlLien":"","typeLien":"","nofollow":"N","copyright":""},{"url":"https:\/\/www.lesgets-hebergements.com\/medias\/images\/prestations\/y-vue-sur-chavannes-801.jpg","chemin":"..\/medias\/images\/prestations\/y-vue-sur-chavannes-801.jpg","libelle":"y-vue-sur-chavannes-801","extension":"jpg","categorie":"","largeur":638,"theme":"","hauteur":471,"type":"Image","origine":"","liaisonPave":"","langue":"","id":"801","urlVignette":"https:\/\/www.lesgets-hebergements.com\/medias\/images\/prestations\/v-y-vue-sur-chavannes-801.jpg","alt":"y-vue-sur-chavannes-801","title":"y-vue-sur-chavannes-801","MultiTaille":{"1920x1440":{"url":"https:\/\/www.lesgets-hebergements.com\/medias\/images\/prestations\/multitailles\/1920x1440_y-vue-sur-chavannes-801.jpg"},"1200x900":{"url":"https:\/\/www.lesgets-hebergements.com\/medias\/images\/prestations\/multitailles\/1200x900_y-vue-sur-chavannes-801.jpg"},"800x600":{"url":"https:\/\/www.lesgets-hebergements.com\/medias\/images\/prestations\/multitailles\/800x600_y-vue-sur-chavannes-801.jpg"},"640x480":{"url":"https:\/\/www.lesgets-hebergements.com\/medias\/images\/prestations\/multitailles\/640x480_y-vue-sur-chavannes-801.jpg"},"320x240":{"url":"https:\/\/www.lesgets-hebergements.com\/medias\/images\/prestations\/multitailles\/320x240_y-vue-sur-chavannes-801.jpg"},"160x120":{"url":"https:\/\/www.lesgets-hebergements.com\/medias\/images\/prestations\/multitailles\/160x120_y-vue-sur-chavannes-801.jpg"},"origine":{"url":"https:\/\/www.lesgets-hebergements.com\/medias\/images\/prestations\/y-vue-sur-chavannes-801.jpg"}},"urlLien":"","typeLien":"","nofollow":"N","copyright":""},{"url":"https:\/\/www.lesgets-hebergements.com\/medias\/images\/prestations\/z-vue-sur-laturche-802.jpg","chemin":"..\/medias\/images\/prestations\/z-vue-sur-laturche-802.jpg","libelle":"z-vue-sur-laturche-802","extension":"jpg","categorie":"","largeur":637,"theme":"","hauteur":476,"type":"Image","origine":"","liaisonPave":"","langue":"","id":"802","urlVignette":"https:\/\/www.lesgets-hebergements.com\/medias\/images\/prestations\/v-z-vue-sur-laturche-802.jpg","alt":"z-vue-sur-laturche-802","title":"z-vue-sur-laturche-802","MultiTaille":{"1920x1440":{"url":"https:\/\/www.lesgets-hebergements.com\/medias\/images\/prestations\/multitailles\/1920x1440_z-vue-sur-laturche-802.jpg"},"1200x900":{"url":"https:\/\/www.lesgets-hebergements.com\/medias\/images\/prestations\/multitailles\/1200x900_z-vue-sur-laturche-802.jpg"},"800x600":{"url":"https:\/\/www.lesgets-hebergements.com\/medias\/images\/prestations\/multitailles\/800x600_z-vue-sur-laturche-802.jpg"},"640x480":{"url":"https:\/\/www.lesgets-hebergements.com\/medias\/images\/prestations\/multitailles\/640x480_z-vue-sur-laturche-802.jpg"},"320x240":{"url":"https:\/\/www.lesgets-hebergements.com\/medias\/images\/prestations\/multitailles\/320x240_z-vue-sur-laturche-802.jpg"},"160x120":{"url":"https:\/\/www.lesgets-hebergements.com\/medias\/images\/prestations\/multitailles\/160x120_z-vue-sur-laturche-802.jpg"},"origine":{"url":"https:\/\/www.lesgets-hebergements.com\/medias\/images\/prestations\/z-vue-sur-laturche-802.jpg"}},"urlLien":"","typeLien":"","nofollow":"N","copyright":""}]},"Document":[{"url":"https:\/\/www.lesgets-hebergements.com\/medias\/images\/prestations\/classement-3-a-toiles-en-mai-2017-4089.pdf","chemin":"..\/medias\/images\/prestations\/classement-3-a-toiles-en-mai-2017-4089.pdf","libelle":"classement-3-\u00e9toiles-en-mai-2017","extension":"pdf","categorie":"","largeur":"","theme":"","hauteur":"","type":"Document","origine":"","liaisonPave":"","langue":"","id":"4089","poids":"148.14 Ko","alt":"classement-3-\u00e9toiles-en-mai-2017","title":"classement-3-\u00e9toiles-en-mai-2017"}]},"DateDebPublication":"","DateFinPublication":"","PrixAPartirDe":"","PrixPour":"","FicheListeEnCours":"fiche_liste_meubles_prestation_v2","ParametresModele":{"AfficherPhotos":1,"NbPhotosMax":6,"AfficherReserver":0,"AfficherContact":"1","AfficherSalle":1,"AfficherZoneGeo":0,"AfficherEnSavoirPlus":1,"AfficherUneSeuleOuverture":0,"AfficherContactCarte":1,"AfficherTarifsChaudAPartirDe":"1","AfficherTarifChaudSansRecherche":0,"AffichageCoordonnees":"Adresse-\u003EVille","AfficherDispoAccordeon":"1","AfficherDispoResa":"1","AfficherVille":"1","BlocCritereInfo":{"critere1":{"libelle":"","liste_critere":["CLASSEMENT|CLASS4E|I","CLASSEMENT|CLASS3E|I","CLASSEMENT|CLASS2E|I","CLASSEMENT|CLASS1E|I"]},"critere2":{"libelle":""},"critere3":{"libelle":""},"critere4":{"libelle":""},"critere5":{"libelle":"","liste_critere":["GPAIEMENT|H7CVAC|I","GLESPLUS|WIFIINTERNET|I","GLESPLUS|ANIMAUXADMIS|I","GLESPLUS|DRAPSFOURNIS|I","GLESPLUS|EQUIPBEBE|I","GLESPLUS|MULTIPASS|I","ILABEL|I"]},"critere6":{"libelle":"","liste_critere":["DISTANCE|I","DISTANCENA|I","DISTANCECOM|I"]},"critere7":{"libelle":"","liste_critere":["GTYP|I","GCAPACITE|I","GPIECES|I","SUPERF|I"]},"critere8":{"libelle":""},"afficherpictoetpaslibelle":"1"},"BlocPaveInfo":{"texte1":{"pave":["1"],"longeurmax":"140","afficherLibelle":"0","garderHtml":"0"}},"CriteresComportementDispo":"GVISIB[GDISPO","TypePrestataire":"I","ComportementResa":false,"ComportementDispo":true},"AfficherTarifsChaudAPartirDe":"1","AffichageCoordonnees":{"Adresse-Ville":"LES GETS"},"Coordonnees":{"Ville":"LES GETS"},"ContexteId":"PRESTATION|I|BAUDAN|04","ContexteIdHtml":"PRESTATION-I-BAUDAN-04","cleContexte":"I|BAUDAN|04","Bloc":{"texte1":"Class&eacute; 3 &eacute;toiles nouv. normes pour 6 personnes, en mai 2017. ","texte3":"","critere1":{"libelle":"","contenu":{"CLASSEMENT":{"libelle":"Classement Pr\u00e9fectoral","contenu":{"2":"\u003Cimg src=\"https:\/\/www.lesgets-hebergements.com\/medias\/images\/picto\/CLASSEMENT-CLASS3E-I.png\"  alt=\"3 \u00e9toiles\" title=\"3 \u00e9toiles\" \/\u003E"},"codesValeurs":{"2":"CLASSEMENT|CLASS3E|I"},"criteres_datas":{"valeurs":{"2":{"CLASS3E":{"descriptif":""}}}}}}},"critere2":{"libelle":"","contenu":[]},"critere3":{"libelle":"","contenu":[]},"critere4":{"libelle":"","contenu":[]},"critere5":{"libelle":"","contenu":{"GPAIEMENT":{"libelle":"Paiement accept\u00e9","contenu":{"1":"\u003Cimg src=\"https:\/\/www.lesgets-hebergements.com\/medias\/images\/picto\/GPAIEMENT-H7CVAC-I.png\"  alt=\"Ch\u00e8ques Vacances\" title=\"Ch\u00e8ques Vacances\" \/\u003E"},"codesValeurs":{"1":"GPAIEMENT|H7CVAC|I"},"criteres_datas":{"valeurs":{"1":{"H7CVAC":{"descriptif":""}}}}},"GLESPLUS":{"libelle":"Les plus","contenu":{"1":"\u003Cimg src=\"https:\/\/www.lesgets-hebergements.com\/medias\/images\/picto\/GLESPLUS-WIFIINTERNET-I.png\"  alt=\"Wifi \/ Internet\" title=\"Wifi \/ Internet\" \/\u003E","2":"\u003Cimg src=\"https:\/\/www.lesgets-hebergements.com\/medias\/images\/picto\/GLESPLUS-ANIMAUXADMIS-I.png\"  alt=\"Animaux admis\" title=\"Animaux admis\" \/\u003E","4":"\u003Cimg src=\"https:\/\/www.lesgets-hebergements.com\/medias\/images\/picto\/GLESPLUS-EQUIPBEBE-I.png\"  alt=\"Equipements b\u00e9b\u00e9\" title=\"Equipements b\u00e9b\u00e9\" \/\u003E"},"codesValeurs":{"1":"GLESPLUS|WIFIINTERNET|I","2":"GLESPLUS|ANIMAUXADMIS|I","4":"GLESPLUS|EQUIPBEBE|I"},"criteres_datas":{"valeurs":{"1":{"WIFIINTERNET":{"descriptif":""}},"2":{"ANIMAUXADMIS":{"descriptif":""}},"4":{"EQUIPBEBE":{"descriptif":""}}}}}}},"critere6":{"libelle":"","contenu":{"DISTANCENA":{"libelle":"Distance de l'arr\u00eat Navette Hiver (Gratuite)","contenu":{"1":"Au pied de l'arr\u00eat de la navette hiver (gratuite)"},"codesValeurs":{"1":"DISTANCENA|SKIAUPIED|I"},"criteres_datas":{"valeurs":{"1":{"SKIAUPIED":{"descriptif":""}}}}},"DISTANCECOM":{"libelle":"Distance des premiers commerces","contenu":{"2":"\u003Cspan class=\"quantite\"\u003E300m\u003C\/span\u003E \u003Cspan class=\"libelle\"\u003Edes 1ers commerces\u003C\/span\u003E"},"codesValeurs":{"2":"DISTANCECOM|ENMDESCOM|I"},"criteres_datas":{"valeurs":{"2":{"ENMDESCOM":{"descriptif":""}}}}}}},"critere7":{"libelle":"","contenu":{"GTYP":{"libelle":"Type de location","contenu":{"2":"Appartement"},"codesValeurs":{"2":"GTYP|APPARTEMENT|I"},"criteres_datas":{"valeurs":{"2":{"APPARTEMENT":{"descriptif":""}}}}},"GCAPACITE":{"libelle":"Capacit\u00e9 maximum","contenu":{"6":"6 personnes"},"codesValeurs":{"6":"GCAPACITE|6PERS|I"},"criteres_datas":{"valeurs":{"6":{"6PERS":{"descriptif":""}}}}},"GPIECES":{"libelle":"Nombre de pi\u00e8ces","contenu":{"3":"3 pi\u00e8ces"},"codesValeurs":{"3":"GPIECES|G3PIECES|I"},"criteres_datas":{"valeurs":{"3":{"G3PIECES":{"descriptif":""}}}}},"SUPERF":{"libelle":"Superficie totale","contenu":{"1":"\u003Cspan class=\"quantite\"\u003E54\u003C\/span\u003E \u003Cspan class=\"libelle\"\u003Em\u00b2\u003C\/span\u003E"},"codesValeurs":{"1":"SUPERF|SUPERF|I"},"criteres_datas":{"valeurs":{"1":{"SUPERF":{"descriptif":""}}}}}}},"critere8":{"libelle":"","contenu":[]},"critere9":{"libelle":"","contenu":[]}},"LocalisationGps":{"Latitude":"46.15856","Longitude":"6.66538"},"libelleDuPrestataire":"","vuePrestataire":{"pave1":{"libelle":"Descriptif","contenu":""},"pave2":{"libelle":"","contenu":""},"pave3":{"libelle":"","contenu":""},"pave4":{"libelle":"","contenu":""},"pave5":{"libelle":"","contenu":""},"pave6":{"libelle":"","contenu":""},"pave7":{"libelle":"","contenu":""},"pave8":{"libelle":"","contenu":""},"pave9":{"libelle":"","contenu":""},"pave10":{"libelle":"","contenu":""},"pave11":{"libelle":"","contenu":""},"pave12":{"libelle":"","contenu":""},"pave13":{"libelle":"","contenu":""},"pave14":{"libelle":"","contenu":""},"pave15":{"libelle":"","contenu":""},"pave16":{"libelle":"","contenu":""},"pave17":{"libelle":"","contenu":""},"pave18":{"libelle":"","contenu":""},"pave19":{"libelle":"","contenu":""},"pave20":{"libelle":"","contenu":""},"pave21":{"libelle":"","contenu":""},"pave22":{"libelle":"","contenu":""},"pave23":{"libelle":"","contenu":""},"pave24":{"libelle":"","contenu":""},"pave25":{"libelle":"","contenu":""},"Libelle":"M Baud Andr\u00e9","Nom":"Baud","Prenom":"Andr\u00e9","NomPrenom":"Baud Andr\u00e9 ","CiviliteNomPrenom":"M Baud Andr\u00e9 ","Cle":"I|BAUDAN","PrestataireParent":"","ContexteStat":"PRESTATAIRE-I-BAUDAN","DateModificationIso":"2022-02-19T17:19:00+01:00","CiviliteLibelleNomPrenom":"Monsieur Baud Andr\u00e9 ","Type":"PRESTATAIRE","TypePrestataire":"I","Adresse":{"LigneAdresse1":"12 rue H\u00e9l\u00e8ne Boucher","LigneAdresse2":"Lotissement l'Or\u00e9e des Bois","LigneAdresse3":"","CodePostal":"74100","Ville":"VILLE LA GRAND","Cedex":"","Etat":"","Pays":"FRA"},"Email":"andre.baud@orange.fr","Telephone":"04 50 38 96 24","TelephoneBureau":"","Portable":"06 80 35 83 72","SiteWeb":"","Fax":"","Id":"i-baudan","Code":"I|BAUDAN","Fichier":[],"Url":"baud-andre.html","Localisation":{"GoogleMap":{"Latitude":"","Longitude":""}},"ZoneGeo":"","Criteres":{"CHEQUESVACANCES[CHEQUESVACANCES":"","GPAIEMENT[H2CHEQ":"","GPAIEMENT[H1ESPE":"","GPAIEMENT[H92VIR":"","GPAIEMENT[H7CVAC":"","GLANGU[H1FRAN":""},"DateFinPublication":"","AffichageCoordonnees":[]},"listeCriteres":{"LESCHA":{"CHACOM120":""},"IANIM":{"ANIRESRVE":""},"BEBE":{"PARC":"","BAIGNOIRE":"","CHAISEBB":"","LITBB":""},"EQUILO":{"NETOYAGEVELO":"","LOCALVELO":"","CASIER":""},"PARGAR":{"PARPRI":"","GARAGES":""},"BALTER":{"SALON":"","TERRA":""},"GCHAUF":{"PLANCHER":""},"EQUISA":{"PLANCHE":"","FER":"","SELINC":"","LAVCO":""},"EQIPMT":{"TELEPHONE":"","TVECRAN":"","WIFIG":""},"WC1":{"WCIND":"1"},"SDB1":{"SECHECHEVEUX":"","LAVABO":"1","SDB1B":""},"MEZZA":{"LIT190":"2"},"CHAM1":{"LIT2140":"1"},"CUISIN":{"CUITVA":"","PIERRADE":"","APPRAC":"","APFOND":"","GRILPA":"","BOUEL":"","CAFELECFILTRES":"","LAVAIS":"","REFCON":"150","HOTTEASPI":"","PLACHG":"4","MICRO":"","FOUR":""},"TYPCUI":{"COICUI":""},"SEJOUR":{"CONV":"1","SALON":""},"PRESTATION":{"SEMAINE":""},"ETAGE":{"DUPLEX":""},"VUE":{"JARDIN":"","MONTAGNE":"","VILLAGE":"","PISTES":""},"PLAN":{"POSITION":"E4"},"DISTANCECOM":{"ENMDESCOM":"300m"},"DISTANCENA":{"SKIAUPIED":""},"REMONTEES":{"MONTCHERY":"350m","CHAVANNES":"350m"},"EXPOSI":{"OUEST":"","EST":""},"SUPERF":{"SUPERF":"54"},"ESCALE":{"3EDELWEISS":""},"GLESPLUS":{"PARKING":"","EQUIPBEBE":"","ANIMAUXADMIS":"","WIFIINTERNET":""},"CLASSEMENT":{"CLASS3E":""},"GCHAMB":{"GMEZZA":"","G1CHAM":""},"GPIECES":{"G3PIECES":""},"GCAPACITE":{"6PERS":""},"GLOGEM":{"GAPPRE":""},"GTYP":{"APPARTEMENT":""},"GVISIB":{"GDISPO":""},"CAUTION":{"CAUTIIONPRINCIPALE":"250\u20ac","MENAGE":"40\u20ac"},"ANOT1":{"APSMOQ":"","XLOGMR":"","NONPMR":""},"ANOT2":{"POSLL":"","LINGETOI":""},"REMISECLEFS":{"PROPIO":""},"HORARRIDEPART":{"ARRIVEE":"14h","DEPART":"10h"},"MENAGEETENTRE":{"PARLELOC":"","AUTRES":"","ASPIRATEUR":"","ASPICENTRALISEE":""},"GNOMBRE":{"6PERS":""},"CHEQUESVACANCES":{"CHEQUESVACANCES":""},"GPAIEMENT":{"H2CHEQ":"","H1ESPE":"","H92VIR":"","H7CVAC":""},"GLANGU":{"H1FRAN":""}},"dansCarnetVoyage":true,"Ouverture":"","WidgetDispoRechercheDate":false,"WidgetDispoVoirLienVoirToutesDispos":true,"ChargerWidgetDispoAuClic":true,"WidgetDispo":"\u003Cspan\u003E\u003C\/span\u003E","JsOnClickBtnDispo":"\u003Cscript\u003E\n                try{\n                    WidgetDispos.addChargementAuClicBtnDispoAccordeon('PRESTATION-I-BAUDAN-04',{tabParamsWidgetDispo : {\"id\":\"I|BAUDAN|04\",\"origineListeInfo\":\"\",\"vue\":\"semaineLigne\",\"mode\":\"ajax\",\"url_fiche\":\"la-forge-d.html\",\"id_form_contact\":\"13\",\"version\":1,\"parametersWidgetV2\":{\"el\":\"blocDispo-PRESTATION-I-BAUDAN-04\",\"object\":{\"code\":\"I|BAUDAN|04\"},\"cid\":null,\"site\":{\"code\":\"ASSO16\",\"url\":\"https:\\\/\\\/www.lesgets-hebergements.com\"},\"slider\":{\"controls\":{\"arrows\":{\"enable\":true,\"showLocked\":true,\"style\":\"button\"}}},\"booking\":{\"enable\":true,\"waitForWindowLoad\":false,\"parameters\":{\"idWidget\":\"blocResa-PRESTATION-I-BAUDAN-04\",\"queryParams\":{\"action\":\"add\",\"fiche\":\"I|BAUDAN|04\"},\"withoutForm\":true}},\"options\":{\"typeDate\":\"SS\",\"elReferer\":\"PRESTATION-I-BAUDAN-04\",\"ingContext\":\"RESA\",\"urlFiche\":\"la-forge-d.html\",\"startDate\":null,\"templates\":{\"Week\":\"semaine\",\"Days\":\"mois\"},\"plugContactForm\":\"13\"}}},idBloc : \"blocDispo-PRESTATION-I-BAUDAN-04\",prestation : \"I|BAUDAN|04\"});\n                }\n                catch(e) {\n                    \/\/console.log(e);\n                }\u003C\/script\u003E"},"html":" \n \u003Cdiv id=\"CV-PRESTATION-I-BAUDAN-04\" data-contexte-id=\"PRESTATION|I|BAUDAN|04\" data-cle=\"I|BAUDAN|04\" class=\"fiche-liste\"\u003E\n    \n\n    \u003C!-- partie photo --\u003E\n    \u003Cdiv class=\"photo\"\u003E\t\t\t\t\t\t\t\t\t\t\t\t\t\t\t\t\t\t\t\t\t\n        \u003Cdiv class=\"cadre_photo_principale\"\u003E\t\t\n        \n            \t\t\t\t\t\n                    \u003Ca href=\"la-forge-d.html?origine=carnet#media\"\u003E\n                        \u003Cimg class=\"photo_principale\" alt=\"1-1salon-795\" src=\"https:\/\/www.lesgets-hebergements.com\/medias\/images\/prestations\/multitailles\/320x240_1-1salon-795.jpg\" itemprop=\"image\"\u003E\n                    \u003C\/a\u003E\t\t\t\t\t\t\n                \n                    \u003C\/div\u003E\t\t\t\t\t\t\t\t\t\t\t\t\t\t\t\t\t\t\t \t\t\n    \u003C\/div\u003E\n    \n    \u003C!-- partie nom prest --\u003E\n    \u003Cdiv class=\"nom\"\u003E\n        \u003Ch2\u003ELa Forge D\u003C\/h2\u003E\n        \n            \u003C\/div\u003E\n\n         \n    \u003C!-- partie adresse --\u003E\n    \u003Cdiv class=\"adresse\"\u003E\n    \n      \u003Cspan class=\"Ville\"\u003ELES GETS\u003C\/span\u003E    \n    \u003C\/div\u003E\n    \n    \u003C!-- partie liens --\u003E\n    \u003Cdiv class=\"liens\"\u003E\n            \u003Ca class=\"btn-icon btn-view \" title=\"Voir la fiche d\u00e9taill\u00e9e\" href=\"la-forge-d.html?origine=carnet\"\u003E\u003C\/a\u003E\u003C!--\u003Ca class=\"btn-icon btn-view \" title=\"\" href=\"?origine=carnet#thaut\"\u003E\u003C\/a\u003E--\u003E\n      \u003Ca class=\"btn-icon btn-trash carnet_voyage_supprimer\" title=\"Supprimer cette fiche de mon carnet de voyage\" href=\"carnet-voyage?action=remove&fiche=I|BAUDAN|04\"\u003E\u003C\/a\u003E\n    \u003C\/div\u003E\n\n\u003C\/div\u003E\n\n","icon":"https:\/\/www.lesgets-hebergements.com\/medias\/images\/carnetVoyageV3\/I.png"},"fiche":"I|BAUDAN|04","popup":"\u003Cdiv id=\"bloc_popup_ajout_fiche_carnet\"\u003E\n    \u003Cdiv class=\"info_popup_ajout_fiche_carnet\"\u003E\n        Vous venez d'ajouter cet \u00e9l\u00e9ment \u00e0 votre carnet de voyage :    \u003C\/div\u003E\n    \u003Cdiv class=\"prest_popup_ajout_fiche_carnet\"\u003E\n        La Forge D    \u003C\/div\u003E\n    \u003Cdiv class=\"bloc_btn_ajout_fiche_carnet form_submit_div\"\u003E\n        \u003Cinput type=\"button\" value=\"Continuer ma s\u00e9lection\" title=\"Continuer ma s\u00e9lection\" name=\"btn_close\" class=\"btn_close_popup_carnet form_submit\" onclick=\"$.colorbox.close()\" \/\u003E\n        \u003Cinput type=\"button\" value=\"Voir ma s\u00e9lection\" title=\"Voir mon carnet\" name=\"btn_panier\" class=\"btn_panier_popup_carnet form_submit\" onclick=\"if(typeof CarnetVoyage != 'undefined') {CarnetVoyage.voirCarnet();}\" \/\u003E\n    \u003C\/div\u003E\n    \u003Cdiv class=\"bloc_btn_ajout_fiche_carnet\"\u003E\n        \u003Cinput type=\"checkbox\" value=\"1\" name=\"desactiver_popup\" id=\"desactiver_popup\" \/\u003E\n        \u003Clabel for=\"desactiver_popup\"\u003ENe plus afficher ce message\u003C\/label\u003E\n    \u003C\/div\u003E\n\u003C\/div\u003E","success":1}